{"id":925,"date":"2019-05-14T06:59:44","date_gmt":"2019-05-14T03:59:44","guid":{"rendered":"http:\/\/www.catholicturku.fi\/?page_id=925"},"modified":"2026-04-30T19:52:37","modified_gmt":"2026-04-30T16:52:37","slug":"forstasidan","status":"publish","type":"page","link":"https:\/\/www.catholicturku.fi\/?page_id=925&lang=sv","title":{"rendered":"<b>\u00b7 F\u00d6RSTASIDAN \u00b7<\/b>"},"content":{"rendered":"<hr \/>\n<p>&nbsp;<\/p>\n<h1 style=\"text-align: center;\"><span style=\"color: #0000ff;\"><strong>HELIGA BIRGITTAS OCH<\/strong><\/span><\/h1>\n<h1 style=\"text-align: center;\"><span style=\"color: #0000ff;\"><strong>DEN SALIGE HEMMINGS<\/strong><\/span><\/h1>\n<h4 style=\"text-align: center;\"><span style=\"color: #0000ff;\"><strong>katolska f\u00f6rsamling<\/strong><\/span><\/h4>\n<h6 style=\"text-align: center;\"><span style=\"color: #0000ff;\">\u00b7<\/span><\/h6>\n<h3 style=\"text-align: center;\"><span style=\"color: #0000ff;\"><strong>\u00c5BO<\/strong> \ud83c\uddeb\ud83c\uddee\u00a0<strong>FINLAND<\/strong><\/span><\/h3>\n<p>&nbsp;<\/p>\n<p><img loading=\"lazy\" decoding=\"async\" class=\" wp-image-19337 aligncenter\" src=\"https:\/\/www.catholicturku.fi\/wp-content\/uploads\/turku-300x256.jpg\" alt=\"\" width=\"380\" height=\"324\" data-wp-pid=\"19337\" srcset=\"https:\/\/www.catholicturku.fi\/wp-content\/uploads\/turku-300x256.jpg 300w, https:\/\/www.catholicturku.fi\/wp-content\/uploads\/turku-150x128.jpg 150w, https:\/\/www.catholicturku.fi\/wp-content\/uploads\/turku.jpg 600w\" sizes=\"auto, (max-width: 380px) 100vw, 380px\" \/><\/p>\n<p>&nbsp;<\/p>\n<h1 style=\"text-align: center;\"><span style=\"color: #0000ff;\"><strong>CHRISTUS RESURREXIT!<\/strong><\/span><\/h1>\n<h4 style=\"text-align: center;\"><span style=\"color: #0000ff;\"><strong>Kristus \u00e4r uppst\u00e5nden!<\/strong><\/span><\/h4>\n<p>&nbsp;<\/p>\n<hr \/>\n<h6><span style=\"color: #ffffff;\">\u00b7<\/span><\/h6>\n<h1 style=\"text-align: center;\"><span style=\"color: #ff0000;\"><strong>AKTUELLT<\/strong><\/span><\/h1>\n<h6><span style=\"color: #ffffff;\">\u00b7<\/span><\/h6>\n<h5 style=\"text-align: center;\"><span style=\"color: #000000;\"><a style=\"color: #000000;\" href=\"https:\/\/www.catholicturku.fi\/?cat=219&amp;lang=sv\"><strong>Veckoprogrammet<\/strong><\/a><\/span><br \/>\n<span style=\"color: #000000;\"><a style=\"color: #000000;\" href=\"https:\/\/www.catholicturku.fi\/?cat=239&amp;lang=sv\"><strong>S\u00f6ndagar och undantag<\/strong><\/a><\/span><\/h5>\n<h5 style=\"text-align: center;\"><span style=\"color: #000000;\"><strong><a style=\"color: #000000;\" href=\"https:\/\/calendar.google.com\/calendar\/embed?src=turunkatolinensrk%40gmail.com&amp;ctz=Europe%2FHelsinki\" target=\"_blank\" rel=\"noopener noreferrer\">GOOGLE-kalendern<\/a><\/strong><\/span><\/h5>\n<h6><span style=\"color: #ffffff;\">\u00b7<\/span><\/h6>\n<hr \/>\n<h6><span style=\"color: #ffffff;\">\u00b7<\/span><\/h6>\n<h3><strong>P\u00c5 FREDAG DEN 1.5.2026<\/strong><\/h3>\n<h6><strong>S:t Josef arbetaren<\/strong><\/h6>\n<ul>\n<li>\n<h6>07.30\u00a0 \u00a0M\u00e4ssa p\u00e5 finska<\/h6>\n<\/li>\n<li>\n<h6><span style=\"color: #0000ff;\"><strong>17.00\u00a0 \u00a0Adoration<\/strong><\/span><\/h6>\n<\/li>\n<\/ul>\n<p>&nbsp;<\/p>\n<h3><span style=\"color: #ff0000;\"><strong>P\u00c5 S\u00d6NDAG DEN 3.5.2026<\/strong><\/span><\/h3>\n<h6><span style=\"color: #ff0000;\"><strong>Femte p\u00e5sks\u00f6ndagen<\/strong><\/span><\/h6>\n<ul>\n<li>\n<h6>09.00\u00a0 \u00a0M\u00e4ssa p\u00e5 latin<\/h6>\n<\/li>\n<li>\n<h6>10.00\u00a0 \u00a0Rosenkrans<\/h6>\n<\/li>\n<li>\n<h6><strong>10.30\u00a0 \u00a0H\u00f6gm\u00e4ssa<\/strong><\/h6>\n<\/li>\n<li>\n<h6>12.30\u00a0 \u00a0M\u00e4ssa p\u00e5 polska<\/h6>\n<\/li>\n<li>\n<h6>18.00\u00a0 \u00a0M\u00e4ssa p\u00e5 engelska<\/h6>\n<\/li>\n<\/ul>\n<p>&nbsp;<\/p>\n<h3><strong>P\u00c5 L\u00d6RDAG DEN 9.5.2026<\/strong><\/h3>\n<ul>\n<li>\n<h6>07.30\u00a0 \u00a0V\u00e5rfrum\u00e4ssa<\/h6>\n<\/li>\n<li>\n<h6><span style=\"color: #008000;\"><strong>10.00\u00a0 \u00a0M\u00e4ssa p\u00e5 svenska i Mariehamn<br \/>\n<\/strong><\/span><\/h6>\n<h6><span style=\"color: #008000;\"><span style=\"color: #ffffff;\"><strong>10.00<\/strong><\/span>\u00a0 \u00a0S:T G\u00d6RANS LUTHERSKA KYRKA<\/span><\/h6>\n<h6><span style=\"color: #008000;\"><span style=\"color: #ffffff;\"><strong>10.00<\/strong><\/span>\u00a0 \u00a0<a style=\"color: #008000;\" href=\"https:\/\/www.google.com\/maps\/place\/Pyh%C3%A4n+Yrj%C3%B6n+kirkko\/@60.0972392,19.9348252,16z\/data=!3m1!4b1!4m6!3m5!1s0x468ac40b345d8cef:0xd2eebba6fff12956!8m2!3d60.0972392!4d19.9348252!16s%2Fg%2F11b6bgbz0w?entry=ttu&amp;g_ep=EgoyMDI1MDEwMS4wIKXMDSoASAFQAw%3D%3D\" target=\"_blank\" rel=\"noopener\">\u00d6stra Esplanadgatan 6 \u00b7 Mariehamn<\/a><\/span><\/h6>\n<\/li>\n<li>\n<h6><span style=\"color: #0000ff;\"><strong>12.00\u00a0 \u00a0Helig m\u00e4ssa &amp; f\u00f6rsta kommunion<\/strong><\/span><\/h6>\n<\/li>\n<\/ul>\n<p>&nbsp;<\/p>\n<h3><span style=\"color: #ff0000;\"><strong>P\u00c5 S\u00d6NDAG DEN 10.5.2026<\/strong><\/span><\/h3>\n<h6><span style=\"color: #ff0000;\"><strong>Sj\u00e4tte p\u00e5sks\u00f6ndagen<\/strong><\/span><\/h6>\n<ul>\n<li>\n<h6><span style=\"color: #0000ff;\"><strong>09.00\u00a0 \u00a0M\u00e4ssa p\u00e5 svenska<\/strong><\/span><\/h6>\n<\/li>\n<li>\n<h6>10.00\u00a0 \u00a0Rosenkrans<\/h6>\n<\/li>\n<li>\n<h6><strong>10.30\u00a0 \u00a0H\u00f6gm\u00e4ssa<\/strong><\/h6>\n<\/li>\n<li>\n<h6><span style=\"color: #008000;\"><strong>15.00\u00a0 \u00a0M\u00e4ssa p\u00e5 finska i Eura\u00e5minne<br \/>\n<span style=\"color: #ffffff;\">15.00<\/span>\u00a0 \u00a0<\/strong>KUSTAA AADOLFIN LUTERILAINEN KIRKKO<strong><br \/>\n<span style=\"color: #ffffff;\">15.00\u00a0 \u00a0<\/span><\/strong>Gustav Adolfs lutherska kyrka<strong><br \/>\n<\/strong><\/span><\/h6>\n<h6><span style=\"color: #008000;\"><strong><span style=\"color: #ffffff;\">15.00\u00a0 \u00a0<\/span><\/strong><a style=\"color: #008000;\" href=\"https:\/\/www.google.fi\/maps\/place\/Eurajoen+kirkko\/@61.2023265,21.7293437,593m\/data=!3m1!1e3!4m6!3m5!1s0x46897b3e7a31e23f:0x91880614d7c50c3!8m2!3d61.2022464!4d21.7314036!16s%2Fg%2F122kclk_?entry=ttu&amp;g_ep=EgoyMDI2MDEwNy4wIKXMDSoASAFQAw%3D%3D\" target=\"_blank\" rel=\"noopener\">Kirkkotie 8 \u00b7 Eurajoki<\/a><\/span><\/h6>\n<\/li>\n<li>\n<h6><strong><span style=\"color: #008000;\">17.00\u00a0 \u00a0M\u00e4ssa p\u00e5 finska i Bj\u00f6rneborg<\/span><\/strong><\/h6>\n<h6><span style=\"color: #008000;\"><span style=\"color: #ffffff;\"><strong>17.00<\/strong><\/span>\u00a0 \u00a0PYH\u00c4N JOHANNES TEOLOGIN<br \/>\n<span style=\"color: #ffffff;\"><strong>17.00<\/strong><\/span>\u00a0 \u00a0ORTODOKSINEN KIRKKO<\/span><br \/>\n<span style=\"color: #008000;\"><span style=\"color: #ffffff;\"><strong>17.00<\/strong><\/span>\u00a0 \u00a0S:t Johannes Teologens ortodoxa kyrka<\/span><\/h6>\n<h6><span style=\"color: #008000;\"><span style=\"color: #ffffff;\"><strong>17.00<\/strong><\/span>\u00a0 \u00a0<a style=\"color: #008000;\" href=\"https:\/\/www.google.com\/maps\/place\/Apostoli+Johannes+Teologin+kirkko\/@61.4857677,21.7585103,17z\/data=!3m1!4b1!4m6!3m5!1s0x46890adfe53e3a3f:0x3cf0ca76d6b0d30f!8m2!3d61.4857677!4d21.7610852!16s%2Fg%2F121vxlv4?hl=fi&amp;entry=ttu\" target=\"_blank\" rel=\"noopener\">Maantiekatu 46 \u00b7 Pori<\/a><\/span><\/h6>\n<\/li>\n<li>\n<h6>18.00\u00a0 \u00a0M\u00e4ssa p\u00e5 engelska<\/h6>\n<\/li>\n<\/ul>\n<p>&nbsp;<\/p>\n<hr \/>\n<h6><span style=\"color: #ffffff;\">\u00b7<\/span><\/h6>\n<h1 style=\"text-align: center;\"><span style=\"color: #ff0000;\"><strong>HELIGA M\u00c4SSORNA<\/strong><\/span><\/h1>\n<h4 style=\"text-align: center;\"><span style=\"color: #ff0000;\"><strong>\u00b7 \u00c5BO \u00b7<\/strong><\/span><\/h4>\n<h6><span style=\"color: #ffffff;\">\u00b7<\/span><\/h6>\n<hr \/>\n<h6 style=\"text-align: center;\"><span style=\"color: #ffffff;\">\u00b7<\/span><\/h6>\n<h3><strong>S\u00d6NDAGAR<\/strong><\/h3>\n<ul>\n<li>\n<h6>09.00\u00a0 \u00a0M\u00e4ssa p\u00e5 svenska\u00a0 |<br \/>\n<span style=\"color: #ffffff;\">09.00<\/span>\u00a0 \u00a0M\u00e4ssa p\u00e5 latin<\/h6>\n<\/li>\n<li>\n<h6>10.00\u00a0 \u00a0Rosenkrans<\/h6>\n<\/li>\n<li>\n<h6><strong>10.30\u00a0 \u00a0H\u00f6gm\u00e4ssa<\/strong><\/h6>\n<\/li>\n<li>\n<h6>12.30\u00a0 \u00a0M\u00e4ssa p\u00e5 polska\u00a0 |<br \/>\n<span style=\"color: #ffffff;\">12.30<\/span>\u00a0 \u00a0M\u00e4ssa p\u00e5 vietnamesiska\u00a0 |<br \/>\n<span style=\"color: #ffffff;\">12.30<\/span>\u00a0 \u00a0M\u00e4ssa p\u00e5 tagalogiska\u00a0 |<br \/>\n<span style=\"color: #ffffff;\">12.30<\/span>\u00a0 \u00a0Ingen m\u00e4ssa<\/h6>\n<\/li>\n<li>\n<h6>18.00\u00a0 \u00a0M\u00e4ssa p\u00e5 engelska<\/h6>\n<\/li>\n<\/ul>\n<h6><span style=\"color: #ffffff;\">\u00b7<\/span><\/h6>\n<h3><strong>M\u00c5NDAGAR<\/strong><\/h3>\n<ul>\n<li>\n<h6>07.30\u00a0 \u00a0M\u00e4ssa p\u00e5 finska<\/h6>\n<\/li>\n<\/ul>\n<h6><span style=\"color: #ffffff;\">\u00b7<\/span><\/h6>\n<h3><strong>TISDAGAR<\/strong><\/h3>\n<ul>\n<li>\n<h6>18.00\u00a0 \u00a0M\u00e4ssa p\u00e5 finska<\/h6>\n<\/li>\n<\/ul>\n<h6><span style=\"color: #ffffff;\">\u00b7<\/span><\/h6>\n<h3><strong>ONSDAGAR<\/strong><\/h3>\n<ul>\n<li>\n<h6>07.30\u00a0 \u00a0M\u00e4ssa p\u00e5 finska<\/h6>\n<\/li>\n<\/ul>\n<h6><span style=\"color: #ffffff;\">\u00b7<\/span><\/h6>\n<h3><strong>TORSDAGAR<\/strong><\/h3>\n<ul>\n<li>\n<h6>17.30\u00a0 \u00a0Adoration\u00a0 |<br \/>\n<span style=\"color: #ffffff;\">17.30<\/span>\u00a0 \u00a0Korsv\u00e4gsandakt<\/h6>\n<\/li>\n<li>\n<h6>18.00\u00a0 \u00a0M\u00e4ssa p\u00e5 finska<\/h6>\n<\/li>\n<\/ul>\n<h6><span style=\"color: #ffffff;\">\u00b7<\/span><\/h6>\n<h3><strong>FREDAGAR<br \/>\n<\/strong><\/h3>\n<ul>\n<li>\n<h6>07.30\u00a0 \u00a0M\u00e4ssa p\u00e5 finska<\/h6>\n<\/li>\n<\/ul>\n<h6><span style=\"color: #ffffff;\">\u00b7<\/span><\/h6>\n<h3><strong>L\u00d6RDAGAR<\/strong><\/h3>\n<ul>\n<li>\n<h6>07.30\u00a0 \u00a0M\u00e4ssa p\u00e5 finska<\/h6>\n<\/li>\n<\/ul>\n<h6 style=\"text-align: center;\"><span style=\"color: #ffffff;\">\u00b7<\/span><\/h6>\n<p style=\"text-align: center;\">\u2500\u2500<\/p>\n<h6 style=\"text-align: center;\"><span style=\"color: #ffffff;\">\u00b7<\/span><\/h6>\n<h3><strong>Birgittasystrarna dagligen<\/strong><\/h3>\n<ul>\n<li>\n<h6>06.10\u00a0 \u00a0Officium lectionis och laudes<\/h6>\n<\/li>\n<li>\n<h6>16.00\u00a0 \u00a0Rosenkrans och vesper<\/h6>\n<\/li>\n<\/ul>\n<p>&nbsp;<\/p>\n<hr \/>\n<h6><span style=\"color: #ffffff;\">\u00b7<\/span><\/h6>\n<h1 style=\"text-align: center;\"><span style=\"color: #ff0000;\"><strong>HELIGA M\u00c4SSORNA<\/strong><\/span><\/h1>\n<h4 style=\"text-align: center;\"><span style=\"color: #ff0000;\"><strong>\u00b7 DIASPORA \u00b7<\/strong><\/span><\/h4>\n<h6><span style=\"color: #ffffff;\">\u00b7<\/span><\/h6>\n<hr \/>\n<h6><span style=\"color: #ffffff;\">\u00b7<\/span><\/h6>\n<h2><span style=\"color: #008000;\"><strong>BJ\u00d6RNEBORG<\/strong><\/span><\/h2>\n<h6><span style=\"color: #008000;\"><strong>M\u00e4ssor p\u00e5 finska<\/strong><\/span><\/h6>\n<h6><span style=\"color: #000000;\"><span style=\"color: #ffffff;\">\u00b7<\/span><br \/>\n<strong>\u21d2\u00a0 PYH\u00c4N JOHANNES TEOLOGIN ORTODOKSINEN KIRKKO<br \/>\n<span style=\"color: #ffffff;\">\u21d2<\/span>\u00a0 S:t Johannes Teologens ortodoxa kyrka<\/strong><br \/>\n<\/span><\/h6>\n<h6><strong><span style=\"color: #000000;\"><span style=\"color: #ffffff;\">\u21d2<\/span>\u00a0\u00a0<\/span><span style=\"color: #000000;\"><a style=\"color: #000000;\" href=\"https:\/\/www.google.com\/maps\/place\/Apostoli+Johannes+Teologin+kirkko\/@61.4857677,21.7585103,17z\/data=!3m1!4b1!4m6!3m5!1s0x46890adfe53e3a3f:0x3cf0ca76d6b0d30f!8m2!3d61.4857677!4d21.7610852!16s%2Fg%2F121vxlv4?hl=fi&amp;entry=ttu\" target=\"_blank\" rel=\"noopener\">Maantiekatu 46 \u00b7 Pori<\/a><\/span><\/strong><\/h6>\n<ul>\n<li>\n<h6>p\u00e5 s\u00f6ndag den 10.5.2026 kl 17.00<\/h6>\n<\/li>\n<li>\n<h6><\/h6>\n<\/li>\n<\/ul>\n<p>&nbsp;<\/p>\n<hr \/>\n<h6><span style=\"color: #ffffff;\">\u00b7<\/span><\/h6>\n<h2><span style=\"color: #008000;\"><strong>EURA\u00c5MINNE<\/strong><\/span><\/h2>\n<h6><span style=\"color: #008000;\"><strong>M\u00e4ssor p\u00e5 finska<\/strong><\/span><\/h6>\n<h6><span style=\"color: #000000;\"><span style=\"color: #ffffff;\">\u00b7<\/span><br \/>\n<\/span><\/h6>\n<h6><span style=\"color: #000000;\"><strong>\u21d2\u00a0 KUSTAA AADOLFIN LUTERILAINEN KIRKKO<br \/>\n<span style=\"color: #ffffff;\">\u21d2<\/span>\u00a0 Gustav Adolfs lutherska kyrka<br \/>\n<\/strong><\/span><\/h6>\n<h6><span style=\"color: #000000;\"><strong><span style=\"color: #ffffff;\">\u21d2<\/span>\u00a0\u00a0<a style=\"color: #000000;\" href=\"https:\/\/www.google.fi\/maps\/place\/Eurajoen+kirkko\/@61.2023265,21.7293437,593m\/data=!3m1!1e3!4m6!3m5!1s0x46897b3e7a31e23f:0x91880614d7c50c3!8m2!3d61.2022464!4d21.7314036!16s%2Fg%2F122kclk_?entry=ttu&amp;g_ep=EgoyMDI2MDEwNy4wIKXMDSoASAFQAw%3D%3D\" target=\"_blank\" rel=\"noopener\">Kirkkotie 8 \u00b7 Eurajoki<\/a><\/strong><\/span><\/h6>\n<ul>\n<li>\n<h6>p\u00e5 s\u00f6ndag den 10.5.2026 kl 15.00<\/h6>\n<\/li>\n<li>\n<h6>p\u00e5 s\u00f6ndag den 24.5.2026 kl 15.00<\/h6>\n<\/li>\n<li>\n<h6>p\u00e5 s\u00f6ndag den 14.6.2026 kl 15.00<\/h6>\n<\/li>\n<li>\n<h6>p\u00e5 s\u00f6ndag den 28.6.2026 kl 15.00<\/h6>\n<\/li>\n<li>\n<h6><\/h6>\n<\/li>\n<\/ul>\n<p>&nbsp;<\/p>\n<hr \/>\n<h6><span style=\"color: #ffffff;\">\u00b7<\/span><\/h6>\n<h2><span style=\"color: #008000;\"><strong>RAUMO<\/strong><\/span><\/h2>\n<h6><span style=\"color: #008000;\"><strong>M\u00e4ssor p\u00e5 tagalogiska<\/strong><\/span><\/h6>\n<h6><span style=\"color: #ffffff;\">\u00b7<\/span><\/h6>\n<h6><strong><span style=\"color: #000000;\">\u21d2\u00a0 NUORTENTALO<\/span><\/strong><br \/>\n<strong><span style=\"color: #000000;\"><span style=\"color: #ffffff;\">\u21d2\u00a0<\/span> <a style=\"color: #000000;\" href=\"https:\/\/www.google.fi\/maps\/place\/Hallikatu+12,+26100+Rauma\/@61.1295963,21.496425,17z\/data=!3m1!4b1!4m6!3m5!1s0x46897e0e3c233317:0x91d7873be4771097!8m2!3d61.1295937!4d21.4989999!16s%2Fg%2F11kq0f8jk7?entry=ttu\" target=\"_blank\" rel=\"noopener\">Hallikatu 12 \u00b7 Rauma<\/a><\/span><\/strong><\/h6>\n<ul>\n<li>\n<h6>p\u00e5 l\u00f6rdag den 16.5.2026 kl 13.30<\/h6>\n<\/li>\n<li>\n<h6>p\u00e5 l\u00f6rdag den 20.6.2026 kl 13.30<\/h6>\n<\/li>\n<li>\n<h6><\/h6>\n<\/li>\n<\/ul>\n<p>&nbsp;<\/p>\n<hr \/>\n<h6><span style=\"color: #ffffff;\">\u00b7<\/span><\/h6>\n<h3><strong>\u00c5land<\/strong><\/h3>\n<h2><span style=\"color: #008000;\"><strong>K\u00d6KAR<\/strong><\/span><\/h2>\n<h6><span style=\"color: #008000;\"><strong>M\u00e4ssor p\u00e5 svenska<\/strong><\/span><\/h6>\n<h6><span style=\"color: #000000;\"><span style=\"color: #ffffff;\">\u00b7<\/span><br \/>\n<strong>\u21d2\u00a0 S:TA ANNAS LUTHERSKA KYRKA<\/strong><br \/>\n<strong><span style=\"color: #ffffff;\">\u21d2<\/span>\u00a0 <a style=\"color: #000000;\" href=\"https:\/\/www.google.fi\/maps\/place\/K%C3%B6karin+kirkko\/@59.9419393,20.87769,12.92z\/data=!4m6!3m5!1s0x468b392d6ea60e73:0xc0788a60e7f63136!8m2!3d59.9475354!4d20.8786971!16s%2Fg%2F122fpt10?entry=ttu\" target=\"_blank\" rel=\"noopener\">Hamn\u00f6 \u00b7 K\u00f6kar<\/a><\/strong><\/span><\/h6>\n<ul>\n<li><\/li>\n<\/ul>\n<p>&nbsp;<\/p>\n<hr \/>\n<h6><span style=\"color: #ffffff;\">\u00b7<\/span><\/h6>\n<h3><strong>\u00c5land<\/strong><\/h3>\n<h2><span style=\"color: #008000;\"><strong>MARIEHAMN<\/strong><\/span><\/h2>\n<h6><span style=\"color: #008000;\"><strong>M\u00e4ssor p\u00e5 svenska<\/strong><\/span><\/h6>\n<h6><span style=\"color: #ffffff;\">\u00b7<\/span><\/h6>\n<h6><strong><span style=\"color: #000000;\">\u21d2\u00a0 S:T G\u00d6RANS LUTHERSKA KYRKA<\/span><\/strong><\/h6>\n<h6><strong><span style=\"color: #000000;\"><span style=\"color: #ffffff;\">\u21d2<\/span>\u00a0 <a style=\"color: #000000;\" href=\"https:\/\/www.google.com\/maps\/place\/Pyh%C3%A4n+Yrj%C3%B6n+kirkko\/@60.0972392,19.9348252,16z\/data=!3m1!4b1!4m6!3m5!1s0x468ac40b345d8cef:0xd2eebba6fff12956!8m2!3d60.0972392!4d19.9348252!16s%2Fg%2F11b6bgbz0w?entry=ttu&amp;g_ep=EgoyMDI1MDEwMS4wIKXMDSoASAFQAw%3D%3D\" target=\"_blank\" rel=\"noopener\">\u00d6stra Esplanadgatan 6 \u00b7 Mariehamn<\/a><\/span><\/strong><\/h6>\n<ul>\n<li>\n<h6>p\u00e5 l\u00f6rdag den 9.5.2026 kl 10.00<\/h6>\n<\/li>\n<li>\n<h6>p\u00e5 l\u00f6rdag den 3.5.2026 kl 10.00<\/h6>\n<\/li>\n<li><\/li>\n<\/ul>\n<p>&nbsp;<\/p>\n<hr \/>\n<h6><span style=\"color: #ffffff;\">\u00b7<\/span><\/h6>\n<h1 style=\"text-align: center;\"><span style=\"color: #ff0000;\"><strong>BIKT<\/strong><\/span><\/h1>\n<h6 style=\"text-align: center;\"><span style=\"color: #ffffff;\">\u00b7<\/span><\/h6>\n<h6>Halv timme f\u00f6re m\u00e4ssan och enligt \u00f6verenskommelse.<\/h6>\n<h6 style=\"text-align: center;\"><span style=\"color: #ffffff;\">\u00b7<\/span><\/h6>\n<h5><span style=\"color: #000000;\">\u25ba \u00a0<a style=\"color: #000000;\" href=\"https:\/\/www.catholicturku.fi\/?page_id=967&amp;lang=sv\"><strong>KONTAKTINFORMATION<\/strong><\/a><\/span><\/h5>\n<p>&nbsp;<\/p>\n<hr \/>\n<h6><span style=\"color: #ffffff;\">\u00b7<\/span><\/h6>\n<h1 style=\"text-align: center;\"><span style=\"color: #ff0000;\"><strong>L\u00c4GET<\/strong><\/span><\/h1>\n<h6 style=\"text-align: center;\"><span style=\"color: #ffffff;\">\u00b7<\/span><\/h6>\n<h5 style=\"text-align: center;\"><span style=\"color: #000000;\"><strong><a style=\"color: #000000;\" href=\"https:\/\/www.google.fi\/maps\/place\/Ursininkatu+15a,+20100+Turku\/@60.4492818,22.2482722,16z\/data=!4m5!3m4!1s0x468c76ff5e84a73b:0x68bf8f971e74a137!8m2!3d60.4499851!4d22.2546002\" target=\"_blank\" rel=\"noopener noreferrer\">Ursinsgatan 15 a<br \/>\n\u00c5BO<\/a><\/strong><\/span><\/h5>\n<h6 style=\"text-align: center;\"><span style=\"color: #ffffff;\">\u00b7<\/span><\/h6>\n<h6 style=\"text-align: center;\"><span style=\"color: #000000;\"><a style=\"color: #000000;\" href=\"https:\/\/sv.ilmatieteenlaitos.fi\/lokalvadret\/%C3%A5bo?forecast=daily\" target=\"_blank\" rel=\"noopener\"><strong>V\u00e4dret i \u00c5bo<\/strong><\/a><\/span><\/h6>\n<h6 style=\"text-align: center;\"><span style=\"color: #ffffff;\">\u00b7<\/span><\/h6>\n<p><a href=\"https:\/\/www.google.fi\/maps\/place\/Ursininkatu+15a,+20100+Turku\/@60.4492818,22.2482722,16z\/data=!4m5!3m4!1s0x468c76ff5e84a73b:0x68bf8f971e74a137!8m2!3d60.4499851!4d22.2546002\" target=\"_blank\" rel=\"noopener noreferrer\"><img loading=\"lazy\" decoding=\"async\" class=\"aligncenter\" src=\"http:\/\/www.catholicturku.fi\/wp-content\/uploads\/churchmap-1024x619.png\" alt=\"\" width=\"1024\" height=\"619\" \/><\/a><\/p>\n<h6><span style=\"color: #ffffff;\">\u00b7<\/span><\/h6>\n<p><a href=\"https:\/\/www.google.com\/maps\/d\/viewer?ll=60.50710096676241%2C21.450805476562437&amp;spn=6.939149%2C18.676758&amp;hl=en&amp;msa=0&amp;source=embed&amp;ie=UTF8&amp;mid=1awM3YtpuKoUoUdVAodvYK1x2k0s&amp;z=8\" target=\"_blank\" rel=\"noopener noreferrer\"><img loading=\"lazy\" decoding=\"async\" class=\"aligncenter wp-image-16585\" src=\"https:\/\/www.catholicturku.fi\/wp-content\/uploads\/map-300x241.png\" alt=\"\" width=\"585\" height=\"470\" data-wp-pid=\"16585\" srcset=\"https:\/\/www.catholicturku.fi\/wp-content\/uploads\/map-300x241.png 300w, https:\/\/www.catholicturku.fi\/wp-content\/uploads\/map-150x121.png 150w, https:\/\/www.catholicturku.fi\/wp-content\/uploads\/map.png 523w\" sizes=\"auto, (max-width: 585px) 100vw, 585px\" \/><\/a><\/p>\n<p>&nbsp;<\/p>\n<hr \/>\n<h5>\u25ba\u00a0\u00a0<span style=\"color: #000000;\"><a style=\"color: #000000;\" href=\"https:\/\/www.catholicturku.fi\/?lang=sv\"><strong>HUVUDMENYN<\/strong><\/a><\/span><\/h5>\n<hr \/>\n<h6 style=\"text-align: center;\"><strong>Webmaster<\/strong><\/h6>\n<h6 style=\"text-align: center;\"><span style=\"color: #000000;\"><a style=\"color: #000000;\" href=\"mailto:webmaster@romanos.fi\">webmaster (at) romanos.fi<\/a><\/span><\/h6>\n","protected":false},"excerpt":{"rendered":"<p>&nbsp; HELIGA BIRGITTAS OCH DEN SALIGE HEMMINGS katolska f\u00f6rsamling \u00b7 \u00c5BO \ud83c\uddeb\ud83c\uddee\u00a0FINLAND &nbsp; &nbsp; CHRISTUS RESURREXIT! Kristus \u00e4r uppst\u00e5nden! &nbsp; \u00b7 AKTUELLT \u00b7 Veckoprogrammet S\u00f6ndagar och undantag GOOGLE-kalendern \u00b7 \u00b7 P\u00c5 FREDAG DEN 1.5.2026 S:t Josef arbetaren 07.30\u00a0 \u00a0M\u00e4ssa p\u00e5 finska 17.00\u00a0 \u00a0Adoration &nbsp; P\u00c5 S\u00d6NDAG DEN 3.5.2026 Femte p\u00e5sks\u00f6ndagen 09.00\u00a0 \u00a0M\u00e4ssa p\u00e5 latin 10.00\u00a0 [&hellip;]<\/p>\n","protected":false},"author":1,"featured_media":0,"parent":0,"menu_order":52,"comment_status":"closed","ping_status":"closed","template":"","meta":{"footnotes":""},"class_list":["post-925","page","type-page","status-publish","hentry"],"_links":{"self":[{"href":"https:\/\/www.catholicturku.fi\/index.php?rest_route=\/wp\/v2\/pages\/925","targetHints":{"allow":["GET"]}}],"collection":[{"href":"https:\/\/www.catholicturku.fi\/index.php?rest_route=\/wp\/v2\/pages"}],"about":[{"href":"https:\/\/www.catholicturku.fi\/index.php?rest_route=\/wp\/v2\/types\/page"}],"author":[{"embeddable":true,"href":"https:\/\/www.catholicturku.fi\/index.php?rest_route=\/wp\/v2\/users\/1"}],"replies":[{"embeddable":true,"href":"https:\/\/www.catholicturku.fi\/index.php?rest_route=%2Fwp%2Fv2%2Fcomments&post=925"}],"version-history":[{"count":2433,"href":"https:\/\/www.catholicturku.fi\/index.php?rest_route=\/wp\/v2\/pages\/925\/revisions"}],"predecessor-version":[{"id":75601,"href":"https:\/\/www.catholicturku.fi\/index.php?rest_route=\/wp\/v2\/pages\/925\/revisions\/75601"}],"wp:attachment":[{"href":"https:\/\/www.catholicturku.fi\/index.php?rest_route=%2Fwp%2Fv2%2Fmedia&parent=925"}],"curies":[{"name":"wp","href":"https:\/\/api.w.org\/{rel}","templated":true}]}}