{"id":681,"date":"2019-05-13T23:10:16","date_gmt":"2019-05-13T20:10:16","guid":{"rendered":"http:\/\/www.catholicturku.fi\/?page_id=681"},"modified":"2025-04-04T16:51:58","modified_gmt":"2025-04-04T13:51:58","slug":"linkit","status":"publish","type":"page","link":"https:\/\/www.catholicturku.fi\/?page_id=681&lang=fi","title":{"rendered":"<b>Linkkej\u00e4<\/b>"},"content":{"rendered":"<hr \/>\n<p>&nbsp;<\/p>\n<p><img loading=\"lazy\" decoding=\"async\" class=\" wp-image-462 aligncenter\" src=\"https:\/\/www.catholicturku.fi\/wp-content\/uploads\/cropped-lasimaalaus-1-300x94.jpg\" alt=\"\" width=\"523\" height=\"164\" srcset=\"https:\/\/www.catholicturku.fi\/wp-content\/uploads\/cropped-lasimaalaus-1-300x94.jpg 300w, https:\/\/www.catholicturku.fi\/wp-content\/uploads\/cropped-lasimaalaus-1-150x47.jpg 150w, https:\/\/www.catholicturku.fi\/wp-content\/uploads\/cropped-lasimaalaus-1.jpg 567w\" sizes=\"auto, (max-width: 523px) 100vw, 523px\" \/><\/p>\n<p>&nbsp;<\/p>\n<h4><span style=\"color: #ff0000;\"><strong>SEURAKUNNAN NIMIKKOPYH\u00c4T<\/strong><\/span><\/h4>\n<ul>\n<li>\n<h6><span style=\"color: #000000;\"><a style=\"color: #000000;\" href=\"https:\/\/www.wikiwand.com\/fi\/Birgitta_(pyhimys)\" target=\"_blank\" rel=\"noopener noreferrer\"><strong>Pyh\u00e4 Birgitta<\/strong><\/a><\/span><\/h6>\n<\/li>\n<li>\n<h6><span style=\"color: #000000;\"><a style=\"color: #000000;\" href=\"https:\/\/www.wikiwand.com\/fi\/Hemming\" target=\"_blank\" rel=\"noopener noreferrer\"><strong>\u0410utuas Hemming<\/strong><\/a><\/span><\/h6>\n<\/li>\n<\/ul>\n<p>&nbsp;<\/p>\n<hr \/>\n<p><img loading=\"lazy\" decoding=\"async\" class=\"size-full wp-image-649 alignright\" src=\"http:\/\/www.catholicturku.fi\/wp-content\/uploads\/vatikaani.jpg\" alt=\"\" width=\"100\" height=\"111\" data-wp-pid=\"649\" \/><\/p>\n<h4><span style=\"color: #ff0000;\"><strong>VATIKAANI<\/strong><\/span><\/h4>\n<ul>\n<li>\n<h6><span style=\"color: #000000;\"><strong><a style=\"color: #000000;\" href=\"http:\/\/w2.vatican.va\/content\/vatican\/en.html\" target=\"_blank\" rel=\"noopener noreferrer\">Pyh\u00e4 istuin<\/a><\/strong><\/span><\/h6>\n<\/li>\n<li>\n<h6><span style=\"color: #000000;\"><a style=\"color: #000000;\" href=\"http:\/\/www.vatican.va\/siti_va\/index_va_en.htm\" target=\"_blank\" rel=\"noopener noreferrer\">Vatican Internet Sites<\/a><\/span><\/h6>\n<\/li>\n<li>\n<h6><span style=\"color: #000000;\"><a style=\"color: #000000;\" href=\"https:\/\/www.vaticannews.va\/en.html\" target=\"_blank\" rel=\"noopener noreferrer\">Vatican News \u00b7 Radio Vaticana<\/a><\/span><\/h6>\n<\/li>\n<\/ul>\n<p>&nbsp;<\/p>\n<hr \/>\n<h4><span style=\"color: #ff0000;\"><strong>KIRKKO SUOMESSA<\/strong><\/span><\/h4>\n<ul>\n<li>\n<h6><span style=\"color: #000000;\"><strong><a style=\"color: #000000;\" href=\"http:\/\/katolinen.fi\/\" target=\"_blank\" rel=\"noopener noreferrer\">Katolinen kirkko Suomessa<\/a><\/strong><\/span><\/h6>\n<\/li>\n<li>\n<h6><span style=\"color: #000000;\"><a style=\"color: #000000;\" href=\"https:\/\/fides.katolinen.fi\/\" target=\"_blank\" rel=\"noopener noreferrer\">Hiippakuntalehti FIDES<\/a><\/span><\/h6>\n<\/li>\n<li>\n<h6><span style=\"color: #000000;\"><a style=\"color: #000000;\" href=\"https:\/\/katolinenkirjakauppa.fi\/\" target=\"_blank\" rel=\"noopener\">Katolinen kirjakauppa Helsingiss\u00e4<\/a><\/span><\/h6>\n<\/li>\n<li>\n<h6><span style=\"color: #000000;\"><a style=\"color: #000000;\" href=\"https:\/\/katolinen.fi\/katolisen-kirkon-katekismus\/\" target=\"_blank\" rel=\"noopener\">Katolisen kirkon katekismus suomeksi<\/a><\/span><\/h6>\n<\/li>\n<li>\n<h6><span style=\"color: #000000;\"><a style=\"color: #000000;\" href=\"https:\/\/katolinen.fi\/asiakirjoja\/\" target=\"_blank\" rel=\"noopener noreferrer\">Katolisen kirkon opetusviran asiakirjoja suomeksi<\/a><\/span><\/h6>\n<\/li>\n<li>\n<h6><span style=\"color: #000000;\"><a style=\"color: #000000;\" href=\"http:\/\/opetus.katolinen.fi\/\" target=\"_blank\" rel=\"noopener noreferrer\">Opetusosasto<\/a><\/span><\/h6>\n<\/li>\n<\/ul>\n<p style=\"text-align: center;\">\u2500\u2500<\/p>\n<h4><span style=\"color: #ff0000;\"><strong>SEURAKUNNAT<\/strong><\/span><\/h4>\n<h6><span style=\"color: #000000;\"><strong>\u25ba\u00a0 <a style=\"color: #000000;\" href=\"https:\/\/www.google.com\/maps\/d\/viewer?ll=63.442973473978576%2C23.510741999999944&amp;spn=6.939149%2C18.676758&amp;hl=en&amp;msa=0&amp;source=embed&amp;ie=UTF8&amp;mid=1awM3YtpuKoUoUdVAodvYK1x2k0s&amp;z=6\" target=\"_blank\" rel=\"noopener\">Kartta<\/a><\/strong><\/span><\/h6>\n<h6><span style=\"color: #ffffff;\">\u00b7<\/span><\/h6>\n<h5><span style=\"color: #000000;\"><strong>HELSINKI:<\/strong><\/span><\/h5>\n<ul>\n<li>\n<h6><span style=\"color: #000000;\"><a style=\"color: #000000;\" href=\"https:\/\/henrik.katolinen.fi\/\" target=\"_blank\" rel=\"noopener noreferrer\">Pyh\u00e4n Henrikin katedraaliseurakunta<\/a><\/span><\/h6>\n<\/li>\n<li>\n<h6><span style=\"color: #000000;\"><a style=\"color: #000000;\" href=\"http:\/\/maria.katolinen.fi\" target=\"_blank\" rel=\"noopener\">Pyh\u00e4n Marian seurakunta<\/a><\/span><\/h6>\n<\/li>\n<\/ul>\n<h5><span style=\"color: #000000;\"><strong>JYV\u00c4SKYL\u00c4:<\/strong><\/span><\/h5>\n<ul>\n<li>\n<h6><span style=\"color: #000000;\"><a style=\"color: #000000;\" href=\"https:\/\/olavi.katolinen.fi\/\" target=\"_blank\" rel=\"noopener\">Pyh\u00e4n Olavin seurakunta<\/a><\/span><\/h6>\n<\/li>\n<\/ul>\n<h5><span style=\"color: #000000;\"><strong>KOUVOLA:<\/strong><\/span><\/h5>\n<ul>\n<li>\n<h6><span style=\"color: #000000;\"><a style=\"color: #000000;\" href=\"https:\/\/ursula.katolinen.fi\/\" target=\"_blank\" rel=\"noopener\">Pyh\u00e4n Ursulan seurakunta<\/a><\/span><\/h6>\n<\/li>\n<\/ul>\n<h5><span style=\"color: #000000;\"><strong>KUOPIO:<\/strong><\/span><\/h5>\n<ul>\n<li>\n<h6><span style=\"color: #000000;\"><a style=\"color: #000000;\" href=\"http:\/\/joosef.katolinen.fi\" target=\"_blank\" rel=\"noopener\">Pyh\u00e4n Joosefin seurakunta<\/a><\/span><\/h6>\n<\/li>\n<\/ul>\n<h5><span style=\"color: #000000;\"><strong>OULU:<\/strong><\/span><\/h5>\n<ul>\n<li>\n<h6><span style=\"color: #000000;\"><a style=\"color: #000000;\" href=\"http:\/\/perhe.katolinen.fi\/\" target=\"_blank\" rel=\"noopener noreferrer\">Nasaretin Pyh\u00e4n Perheen seurakunta<\/a><\/span><\/h6>\n<\/li>\n<\/ul>\n<h5><span style=\"color: #000000;\"><strong>TAMPERE:<\/strong><\/span><\/h5>\n<ul>\n<li>\n<h6><span style=\"color: #000000;\"><a style=\"color: #000000;\" href=\"http:\/\/risti.katolinen.fi\/\" target=\"_blank\" rel=\"noopener noreferrer\">Pyh\u00e4n Ristin seurakunta<\/a><\/span><\/h6>\n<\/li>\n<\/ul>\n<h5><span style=\"color: #000000;\"><strong>TURKU:<\/strong><\/span><\/h5>\n<ul>\n<li>\n<h6><span style=\"color: #000000;\"><a style=\"color: #000000;\" href=\"https:\/\/www.catholicturku.fi\/?lang=fi\" target=\"_blank\" rel=\"noopener\">Pyh\u00e4n Birgitan ja autuaan Hemmingin seurakunta<\/a><\/span><\/h6>\n<\/li>\n<\/ul>\n<p>&nbsp;<\/p>\n<hr \/>\n<p>&nbsp;<\/p>\n<ul>\n<li>\n<h6><span style=\"color: #000000;\"><a style=\"color: #000000;\" href=\"http:\/\/academicumcatholicum.blogspot.fi\/\" target=\"_blank\" rel=\"noopener noreferrer\">Academicum Catholicum<\/a><\/span><\/h6>\n<\/li>\n<li>\n<h6><span style=\"color: #000000;\"><a style=\"color: #000000;\" href=\"http:\/\/www.accfinland.com\/\" target=\"_blank\" rel=\"noopener noreferrer\">African Catholic Chaplaincy Finland<\/a><\/span><\/h6>\n<\/li>\n<li>\n<h6><span style=\"color: #000000;\"><a style=\"color: #000000;\" href=\"https:\/\/birgittalaissisaret.fi\/\" target=\"_blank\" rel=\"noopener noreferrer\">Birgittalaissisarten luostari ja vieraskoti Turussa<\/a><\/span><\/h6>\n<\/li>\n<li>\n<h6><span style=\"color: #000000;\"><a style=\"color: #000000;\" href=\"https:\/\/www.birgittalaissisaret.fi\/oblaatit.html\" target=\"_blank\" rel=\"noopener\">Birgittalaiss\u00e4\u00e4nt\u00f6kunnan maallikko-oblaatit<\/a><\/span><\/h6>\n<\/li>\n<li>\n<h6><span style=\"color: #000000;\"><a style=\"color: #000000;\" href=\"http:\/\/cschelsinki.wordpress.com\" target=\"_blank\" rel=\"noopener\">Catholic Students&#8217; Club<\/a><\/span><\/h6>\n<\/li>\n<li>\n<h6><span style=\"color: #000000;\"><a style=\"color: #000000;\" href=\"http:\/\/fransiskaanimaallikot.blogspot.fi\/\" target=\"_blank\" rel=\"noopener noreferrer\">Fransiskaanimaallikot<\/a><\/span><\/h6>\n<\/li>\n<li>\n<h6><span style=\"color: #000000;\"><a style=\"color: #000000;\" href=\"https:\/\/gregoriusyhdistys.wordpress.com\/\" target=\"_blank\" rel=\"noopener noreferrer\">Gregorius-yhdistys<\/a><\/span><\/h6>\n<\/li>\n<li>\n<h6><span style=\"color: #000000;\"><a style=\"color: #000000;\" href=\"http:\/\/pyhahauta.weebly.com\/\" target=\"_blank\" rel=\"noopener noreferrer\">Jeesuksen pyh\u00e4n haudan ritarikunta Suomessa<\/a><\/span><\/h6>\n<\/li>\n<li>\n<h6><span style=\"color: #000000;\"><a style=\"color: #000000;\" href=\"http:\/\/scj.fi\/\" target=\"_blank\" rel=\"noopener noreferrer\">Jeesuksen pyh\u00e4n syd\u00e4men papit<\/a><\/span><\/h6>\n<\/li>\n<li>\n<h6><span style=\"color: #000000;\"><a style=\"color: #000000;\" href=\"https:\/\/sites.google.com\/site\/karmeliittamaallikot\/\" target=\"_blank\" rel=\"noopener noreferrer\">Karmeliittamaallikot<\/a><\/span><\/h6>\n<\/li>\n<li>\n<h6><span style=\"color: #000000;\"><a style=\"color: #000000;\" href=\"https:\/\/scj.fi\/index.php\/maallikkodehoniaaniksi\/\" target=\"_blank\" rel=\"noopener\">Maallikkodehoniaanit (SCJ-maallikot)<\/a><\/span><\/h6>\n<\/li>\n<li>\n<h6><span style=\"color: #000000;\"><a style=\"color: #000000;\" href=\"http:\/\/maallikkodominikaanit.blogspot.fi\/\" target=\"_blank\" rel=\"noopener noreferrer\">Maallikkodominikaanit<\/a><\/span><\/h6>\n<\/li>\n<li>\n<h6><span style=\"color: #000000;\"><a style=\"color: #000000;\" href=\"http:\/\/opusdei.fi\/fi-fi\/\" target=\"_blank\" rel=\"noopener noreferrer\">Opus Dei<\/a><\/span><\/h6>\n<\/li>\n<li>\n<h6><span style=\"color: #000000;\"><a style=\"color: #000000;\" href=\"http:\/\/www.studium.fi\/\" target=\"_blank\" rel=\"noopener noreferrer\">Studium Catholicum<\/a><\/span><\/h6>\n<\/li>\n<li>\n<h6><span style=\"color: #000000;\"><a style=\"color: #000000;\" href=\"http:\/\/www.caritas.fi\" target=\"_blank\" rel=\"noopener noreferrer\">Suomen Caritas ry<\/a><\/span><\/h6>\n<\/li>\n<\/ul>\n<p style=\"text-align: center;\">\u2500\u2500<\/p>\n<ul>\n<li>\n<h6><span style=\"color: #000000;\"><a style=\"color: #000000;\" href=\"https:\/\/ursula.katolinen.fi\/johdantokurssi-katoliseen-uskoon\/\" target=\"_blank\" rel=\"noopener\">Pyh\u00e4n Ursulan seurakunnan johdantokurssi<\/a><\/span><\/h6>\n<\/li>\n<\/ul>\n<p style=\"text-align: center;\">\u2500\u2500<\/p>\n<ul>\n<li>\n<h6><span style=\"color: #000000;\"><a style=\"color: #000000;\" href=\"https:\/\/bioetiikka.wordpress.com\/\" target=\"_blank\" rel=\"noopener noreferrer\">Bioetiikka &#8211; ihmisel\u00e4m\u00e4n suuruus<\/a><\/span><\/h6>\n<\/li>\n<li>\n<h6><span style=\"color: #000000;\"><a style=\"color: #000000;\" href=\"https:\/\/cvsuomi.wordpress.com\/\" target=\"_blank\" rel=\"noopener noreferrer\">Catholic Voices Suomi &#8211; artikkeleita ja blogikirjoituksia<\/a><\/span><\/h6>\n<\/li>\n<li>\n<h6><span style=\"color: #000000;\"><a style=\"color: #000000;\" href=\"https:\/\/hapatusta.net\/\" target=\"_blank\" rel=\"noopener noreferrer\">Hapatusta.net &#8211; katolisten teologien blogi<\/a><\/span><\/h6>\n<\/li>\n<li>\n<h6><span style=\"color: #000000;\"><a style=\"color: #000000;\" href=\"https:\/\/hyviauutisia.wordpress.com\/\" target=\"_blank\" rel=\"noopener noreferrer\">Hyvi\u00e4 uutisia &#8211; katolista apologetiikkaa<\/a><\/span><\/h6>\n<\/li>\n<li>\n<h6><span style=\"color: #000000;\"><a style=\"color: #000000;\" href=\"https:\/\/katolinen.wordpress.com\/\" target=\"_blank\" rel=\"noopener noreferrer\">Katolisesta uskosta<\/a><\/span><\/h6>\n<\/li>\n<li>\n<h6><span style=\"color: #000000;\"><a style=\"color: #000000;\" href=\"https:\/\/ruusukko.wordpress.com\/\" target=\"_blank\" rel=\"noopener noreferrer\">Ruusukko &#8211; tikapuut taivaaseen<\/a><\/span><\/h6>\n<\/li>\n<\/ul>\n<p>&nbsp;<\/p>\n<hr \/>\n<h4><span style=\"color: #ff0000;\"><strong>KIRKKO POHJOISMAISSA JA BALTIASSA<\/strong><\/span><\/h4>\n<h6><span style=\"color: #ffffff;\">\u00b7<\/span><\/h6>\n<h5><strong>F\u00c4RSAARET:<\/strong><\/h5>\n<ul>\n<li>\n<h6><span style=\"color: #000000;\"><a style=\"color: #000000;\" href=\"http:\/\/www.katolsk.fo\/\" target=\"_blank\" rel=\"noopener noreferrer\">Kat\u00f3lska kirkjan F\u00f8royar<\/a><\/span><\/h6>\n<\/li>\n<\/ul>\n<h5><strong>ISLANTI:<\/strong><\/h5>\n<ul>\n<li>\n<h6><span style=\"color: #000000;\"><a style=\"color: #000000;\" href=\"http:\/\/catholica.is\/\" target=\"_blank\" rel=\"noopener noreferrer\">Ka\u00fe\u00f3lska kirkjan \u00e1 \u00cdslandi<\/a><\/span><\/h6>\n<\/li>\n<\/ul>\n<h5><strong>NORJA:<\/strong><\/h5>\n<ul>\n<li>\n<h6><span style=\"color: #000000;\"><a style=\"color: #000000;\" href=\"http:\/\/www.katolsk.no\/\" target=\"_blank\" rel=\"noopener noreferrer\">Den katolske kirke i Norge<\/a><\/span><\/h6>\n<\/li>\n<\/ul>\n<h5><strong>RUOTSI:<\/strong><\/h5>\n<ul>\n<li>\n<h6><span style=\"color: #000000;\"><a style=\"color: #000000;\" href=\"http:\/\/www.katolskakyrkan.se\/\" target=\"_blank\" rel=\"noopener noreferrer\">Stockholms katolska stift<\/a><\/span><\/h6>\n<\/li>\n<\/ul>\n<h5><strong>TANSKA:<\/strong><\/h5>\n<ul>\n<li>\n<h6><span style=\"color: #000000;\"><a style=\"color: #000000;\" href=\"https:\/\/www.katolsk.dk\/den-katolske-kirke-i-danmark\/\" target=\"_blank\" rel=\"noopener noreferrer\">Den katolske Kirke i Danmark<\/a><\/span><\/h6>\n<\/li>\n<\/ul>\n<p style=\"text-align: center;\">\u2500\u2500<\/p>\n<h5><strong>LATVIA:<\/strong><\/h5>\n<ul>\n<li>\n<h6><span style=\"color: #000000;\"><a style=\"color: #000000;\" href=\"http:\/\/katolis.lv\/en\/church-in-latvia.html\" target=\"_blank\" rel=\"noopener noreferrer\">Katolis.lv<\/a><\/span><\/h6>\n<\/li>\n<\/ul>\n<h5><strong>LIETTUA:<\/strong><\/h5>\n<ul>\n<li>\n<h6><span style=\"color: #000000;\"><a style=\"color: #000000;\" href=\"http:\/\/www.katalikai.lt\/\" target=\"_blank\" rel=\"noopener noreferrer\">Katalik\u0173 Ba\u017eny\u010dia Lietuvoje<\/a><\/span><\/h6>\n<\/li>\n<\/ul>\n<h5><strong>VIRO:<\/strong><\/h5>\n<ul>\n<li>\n<h6><span style=\"color: #000000;\"><a style=\"color: #000000;\" href=\"http:\/\/katoliku.ee\/index.php\/et\/\" target=\"_blank\" rel=\"noopener noreferrer\">Rooma-Katoliku Kirik<\/a><\/span><\/h6>\n<\/li>\n<li>\n<h6><span style=\"color: #000000;\"><a style=\"color: #000000;\" href=\"http:\/\/ugcc.ee\/uk\/\" target=\"_blank\" rel=\"noopener noreferrer\">\u0423\u0413\u041a\u0426 \u0432 \u0415\u0441\u0442\u043e\u043d\u0456\u0457 (kreikkalaiskatolinen)<\/a><\/span><\/h6>\n<\/li>\n<\/ul>\n<p>&nbsp;<\/p>\n<hr \/>\n<h4><span style=\"color: #ff0000;\"><strong>KIRKKO EUROOPASSA<\/strong><\/span><\/h4>\n<h6><span style=\"color: #ffffff;\">\u00b7<\/span><\/h6>\n<h5><strong>ALANKOMAAT:<\/strong><\/h5>\n<ul>\n<li>\n<h6><span style=\"color: #000000;\"><a style=\"color: #000000;\" href=\"https:\/\/www.rkkerk.nl\/\" target=\"_blank\" rel=\"noopener noreferrer\">Rooms-Katholieke Kerk in Nederland<\/a><\/span><\/h6>\n<\/li>\n<\/ul>\n<h5><strong>AZORIT:<\/strong><\/h5>\n<ul>\n<li>\n<h6><span style=\"color: #000000;\"><a style=\"color: #000000;\" href=\"http:\/\/www.diocesedeangra.pt\/\" target=\"_blank\" rel=\"noopener noreferrer\">Caminhada sinodal nos A\u00e7ores<\/a><\/span><\/h6>\n<\/li>\n<\/ul>\n<h5><strong>BELGIA:<\/strong><\/h5>\n<ul>\n<li>\n<h6><span style=\"color: #000000;\"><a style=\"color: #000000;\" href=\"http:\/\/www.cathobel.be\/\" target=\"_blank\" rel=\"noopener noreferrer\">CathoBel<\/a><\/span><\/h6>\n<\/li>\n<\/ul>\n<h5><strong>BOSNIA-HERTZEGOVINA:<\/strong><\/h5>\n<ul>\n<li>\n<h6><span style=\"color: #000000;\"><a style=\"color: #000000;\" href=\"http:\/\/www.bkbih.ba\/\" target=\"_blank\" rel=\"noopener noreferrer\">Biskupska konferencija Bosne i Hercegovine<\/a><\/span><\/h6>\n<\/li>\n<\/ul>\n<h5><strong>BULGARIA:<\/strong><\/h5>\n<ul>\n<li>\n<h6><span style=\"color: #000000;\"><a style=\"color: #000000;\" href=\"http:\/\/www.catholic-bg.org\/\" target=\"_blank\" rel=\"noopener noreferrer\">\u041a\u0430\u0442\u043e\u043b\u0438\u0447\u0435\u0441\u043a\u0430 \u0426\u044a\u0440\u043a\u0432\u0430<\/a><\/span><\/h6>\n<\/li>\n<li>\n<h6><span style=\"color: #000000;\"><a style=\"color: #000000;\" href=\"http:\/\/www.kae-bg.org\/\" target=\"_blank\" rel=\"noopener noreferrer\">\u041a\u0430\u0442\u043e\u043b\u0438\u0447\u0435\u0441\u043a\u0430 \u0446\u044a\u0440\u043a\u0432\u0430 \u043e\u0442 \u0438\u0437\u0442\u043e\u0447\u0435\u043d \u043e\u0431\u0440\u0435\u0434 \u0432 \u0411\u044a\u043b\u0433\u0430\u0440\u0438\u044f (kreikkalaiskatolinen)<\/a><\/span><\/h6>\n<\/li>\n<\/ul>\n<h5><strong>ESPANJA:<\/strong><\/h5>\n<ul>\n<li>\n<h6><span style=\"color: #000000;\"><a style=\"color: #000000;\" href=\"http:\/\/www.conferenciaepiscopal.es\/#\" target=\"_blank\" rel=\"noopener noreferrer\">Conferencia Episcopal Espa\u00f1ola<\/a><\/span><\/h6>\n<\/li>\n<\/ul>\n<h5><strong>GIBRALTAR<\/strong><\/h5>\n<ul>\n<li>\n<h6><span style=\"color: #000000;\"><a style=\"color: #000000;\" href=\"http:\/\/catholic.gi\/\" target=\"_blank\" rel=\"noopener\">Catholic Diocese of Gibraltar<\/a><\/span><\/h6>\n<\/li>\n<\/ul>\n<h5><strong>IRLANTI:<\/strong><\/h5>\n<ul>\n<li>\n<h6><span style=\"color: #000000;\"><a style=\"color: #000000;\" href=\"http:\/\/www.catholicbishops.ie\/\" target=\"_blank\" rel=\"noopener noreferrer\">Irish Catholic Bishops&#8217; Conference<\/a><\/span><\/h6>\n<\/li>\n<\/ul>\n<h5><strong>ISO-BRITANNIA:<\/strong><\/h5>\n<ul>\n<li>\n<h6><span style=\"color: #000000;\"><a style=\"color: #000000;\" href=\"https:\/\/www.bcos.org.uk\/\" target=\"_blank\" rel=\"noopener\">Catholic Bishops&#8217; Conference of Scotland<\/a><\/span><\/h6>\n<\/li>\n<li>\n<h6><span style=\"color: #000000;\"><a style=\"color: #000000;\" href=\"https:\/\/www.cbcew.org.uk\/\" target=\"_blank\" rel=\"noopener noreferrer\">The Catholic Church in England and Wales<\/a><\/span><\/h6>\n<\/li>\n<\/ul>\n<h5><strong>ITALIA:<\/strong><\/h5>\n<ul>\n<li>\n<h6><span style=\"color: #000000;\"><a style=\"color: #000000;\" href=\"http:\/\/www.chiesacattolica.it\/\" target=\"_blank\" rel=\"noopener noreferrer\">Chiesa Cattolica Italiana<\/a><\/span><\/h6>\n<\/li>\n<\/ul>\n<h5><strong>IT\u00c4VALTA:<\/strong><\/h5>\n<ul>\n<li>\n<h6><span style=\"color: #000000;\"><a style=\"color: #000000;\" href=\"http:\/\/www.katholisch.at\/\" target=\"_blank\" rel=\"noopener noreferrer\">Katholische Kirche \u00d6sterreich<\/a><\/span><\/h6>\n<\/li>\n<\/ul>\n<h5><strong>KANARIAN SAARET:<\/strong><\/h5>\n<ul>\n<li>\n<h6><span style=\"color: #000000;\"><a style=\"color: #000000;\" href=\"https:\/\/www.diocesisdecanarias.es\/\" target=\"_blank\" rel=\"noopener\">Di\u00f3cesis de Canarias<\/a><\/span><\/h6>\n<\/li>\n<li>\n<h6><span style=\"color: #000000;\"><a style=\"color: #000000;\" href=\"http:\/\/obispadodetenerife.es\/\" target=\"_blank\" rel=\"noopener noreferrer\">Obispado de Tenerife<\/a><\/span><\/h6>\n<\/li>\n<\/ul>\n<h5><strong>KREIKKA:<\/strong><\/h5>\n<ul>\n<li>\n<h6><span style=\"color: #000000;\"><a style=\"color: #000000;\" href=\"http:\/\/www.cathecclesia.gr\" target=\"_blank\" rel=\"noopener noreferrer\">\u0397 \u039a\u03b1\u03b8\u03bf\u03bb\u03b9\u03ba\u03ae \u0395\u03ba\u03ba\u03bb\u03b7\u03c3\u03af\u03b1 \u03c3\u03c4\u03b7\u03bd \u0395\u03bb\u03bb\u03ac\u03b4\u03b1<\/a><\/span><\/h6>\n<\/li>\n<\/ul>\n<h5><strong>KROATIA:<\/strong><\/h5>\n<ul>\n<li>\n<h6><span style=\"color: #000000;\"><a style=\"color: #000000;\" href=\"http:\/\/www.hbk.hr\/\" target=\"_blank\" rel=\"noopener noreferrer\">Hrvatska biskupska konferencija<\/a><\/span><\/h6>\n<\/li>\n<\/ul>\n<h5><strong>KYPROS:<\/strong><\/h5>\n<ul>\n<li>\n<h6><span style=\"color: #000000;\"><a style=\"color: #000000;\" href=\"http:\/\/www.cypruscatholicchurch.org\/\" target=\"_blank\" rel=\"noopener noreferrer\">The Latin Catholic Church in Cyprus<\/a><\/span><\/h6>\n<\/li>\n<\/ul>\n<h5><strong>LUXEMBURG:<\/strong><\/h5>\n<ul>\n<li>\n<h6><span style=\"color: #000000;\"><a style=\"color: #000000;\" href=\"https:\/\/www.cathol.lu\/\" target=\"_blank\" rel=\"noopener noreferrer\">Kathoulesch Kierch zu L\u00ebtzebuerg<\/a><\/span><\/h6>\n<\/li>\n<\/ul>\n<h5><strong>MADEIRA:<\/strong><\/h5>\n<ul>\n<li>\n<h6><span style=\"color: #000000;\"><a style=\"color: #000000;\" href=\"https:\/\/www.diocesedofunchal.com\/\" target=\"_blank\" rel=\"noopener noreferrer\">Diocese do Funchal<\/a><\/span><\/h6>\n<\/li>\n<\/ul>\n<h5><strong>MALLORCA:<\/strong><\/h5>\n<ul>\n<li>\n<h6><span style=\"color: #000000;\"><a style=\"color: #000000;\" href=\"http:\/\/www.portantos.es\/diocesis-de-mallorca\" target=\"_blank\" rel=\"noopener noreferrer\">Di\u00f3cesis de Mallorca<\/a><\/span><\/h6>\n<\/li>\n<\/ul>\n<h5><strong>MALTA:<\/strong><\/h5>\n<ul>\n<li>\n<h6><span style=\"color: #000000;\"><a style=\"color: #000000;\" href=\"http:\/\/thechurchinmalta.org\/en\/\" target=\"_blank\" rel=\"noopener noreferrer\">Archdiocese of Malta<\/a><\/span><\/h6>\n<\/li>\n<\/ul>\n<h5><strong>MONACO:<\/strong><\/h5>\n<ul>\n<li>\n<h6><span style=\"color: #000000;\"><a style=\"color: #000000;\" href=\"https:\/\/diocese.mc\/\" target=\"_blank\" rel=\"noopener\">Dioc\u00e8se de Monaco<\/a><\/span><\/h6>\n<\/li>\n<\/ul>\n<h5><strong>PORTUGALI:<\/strong><\/h5>\n<ul>\n<li>\n<h6><span style=\"color: #000000;\"><a style=\"color: #000000;\" href=\"http:\/\/www.conferenciaepiscopal.pt\/v1\/\" target=\"_blank\" rel=\"noopener noreferrer\">Confer\u00eancia Episcopal Portuguesa<\/a><\/span><\/h6>\n<\/li>\n<\/ul>\n<h5><strong>PUOLA:<\/strong><\/h5>\n<ul>\n<li>\n<h6><span style=\"color: #000000;\"><a style=\"color: #000000;\" href=\"http:\/\/episkopat.pl\/\" target=\"_blank\" rel=\"noopener noreferrer\">Konferencja Episkopatu Polski<\/a><\/span><\/h6>\n<\/li>\n<\/ul>\n<h5><strong>RANSKA:<\/strong><\/h5>\n<ul>\n<li>\n<h6><span style=\"color: #000000;\"><a style=\"color: #000000;\" href=\"http:\/\/www.eglise.catholique.fr\/\" target=\"_blank\" rel=\"noopener noreferrer\">\u00c9glise catholique en France<\/a><\/span><\/h6>\n<\/li>\n<\/ul>\n<h5><strong>ROMANIA:<\/strong><\/h5>\n<ul>\n<li>\n<h6><span style=\"color: #000000;\"><a style=\"color: #000000;\" href=\"http:\/\/www.catholica.ro\/\" target=\"_blank\" rel=\"noopener noreferrer\">Catholic@ conectati la viata Bisericii<\/a><\/span><\/h6>\n<\/li>\n<li>\n<h6><span style=\"color: #000000;\"><a style=\"color: #000000;\" href=\"http:\/\/www.bru.ro\/\" target=\"_blank\" rel=\"noopener noreferrer\">Biserica Rom\u00e2n\u0103 Unit\u0103 cu Roma (kreikkalaiskatolinen)<\/a><\/span><\/h6>\n<\/li>\n<\/ul>\n<h5><strong>SAKSA:<\/strong><\/h5>\n<ul>\n<li>\n<h6><span style=\"color: #000000;\"><a style=\"color: #000000;\" href=\"http:\/\/www.katholisch.de\/startseite\" target=\"_blank\" rel=\"noopener noreferrer\">Katholisch.de<\/a><\/span><\/h6>\n<\/li>\n<li>\n<h6><span style=\"color: #000000;\"><a style=\"color: #000000;\" href=\"http:\/\/www.ukrainische-kirche.de\/wp\/?lang=uk\" target=\"_blank\" rel=\"noopener noreferrer\">\u0423\u0413\u041a\u0426 \u0432 \u041d\u0456\u043c\u0435\u0447\u0447\u0438\u043d\u0456 (kreikkalaiskatolinen)<\/a><\/span><\/h6>\n<\/li>\n<\/ul>\n<h5><strong>SERBIA:<\/strong><\/h5>\n<ul>\n<li>\n<h6><span style=\"color: #000000;\"><a style=\"color: #000000;\" href=\"http:\/\/www.ceicem.org\/index.html\" target=\"_blank\" rel=\"noopener\">Conferentija episcoporum internationalis Ss. Cyrilli et Metodii<\/a><\/span><\/h6>\n<\/li>\n<\/ul>\n<h5><strong>SISILIA:<\/strong><\/h5>\n<ul>\n<li>\n<h6><span style=\"color: #000000;\"><a style=\"color: #000000;\" href=\"http:\/\/www.chiesedisicilia.org\/\" target=\"_blank\" rel=\"noopener noreferrer\">Chiesi di Sicilia<\/a><\/span><\/h6>\n<\/li>\n<\/ul>\n<h5><strong>SLOVAKIA:<\/strong><\/h5>\n<ul>\n<li>\n<h6><span style=\"color: #000000;\"><a style=\"color: #000000;\" href=\"https:\/\/www.kbs.sk\/\" target=\"_blank\" rel=\"noopener noreferrer\">Katol\u00edcka cirkev na Slovensku<\/a><\/span><\/h6>\n<\/li>\n<li>\n<h6><span style=\"color: #000000;\"><a style=\"color: #000000;\" href=\"https:\/\/www.kbs.sk\/obsah\/sekcia\/h\/cirkevne-provincie\/p\/greckokatolicka-cirkev\" target=\"_blank\" rel=\"noopener\">Gr\u00e9ckokatol\u00edcka cirkev na Slovensku (kreikkalaiskatolinen)<\/a><\/span><\/h6>\n<\/li>\n<\/ul>\n<h5><strong>SLOVENIA:<\/strong><\/h5>\n<ul>\n<li>\n<h6><span style=\"color: #000000;\"><a style=\"color: #000000;\" href=\"http:\/\/katoliska-cerkev.si\/\" target=\"_blank\" rel=\"noopener noreferrer\">Katoli\u0161ka Cerkev<\/a><\/span><\/h6>\n<\/li>\n<\/ul>\n<h5><strong>SVEITSI:<\/strong><\/h5>\n<ul>\n<li>\n<h6><span style=\"color: #000000;\"><a style=\"color: #000000;\" href=\"https:\/\/www.kath.ch\/katholische-kirche-schweiz\/\" target=\"_blank\" rel=\"noopener noreferrer\">Katholische Kirche in der Schweiz<\/a><\/span><\/h6>\n<\/li>\n<\/ul>\n<h5><strong>T\u0160EKIN TASAVALTA:<\/strong><\/h5>\n<ul>\n<li>\n<h6><span style=\"color: #000000;\"><a style=\"color: #000000;\" href=\"https:\/\/cbk.cirkev.cz\/\" target=\"_blank\" rel=\"noopener\">\u010cesk\u00e1 biskupsk\u00e1 konference<\/a><\/span><\/h6>\n<\/li>\n<\/ul>\n<h5><strong>UKRAINA:<\/strong><\/h5>\n<ul>\n<li>\n<h6><span style=\"color: #000000;\"><a style=\"color: #000000;\" href=\"http:\/\/www.rkc.lviv.ua\/\" target=\"_blank\" rel=\"noopener noreferrer\">\u041b\u044c\u0432\u0456\u0432\u0441\u044c\u043a\u0430 \u0410\u0440\u0445\u0456\u0434\u0456\u0454\u0446\u0435\u0437\u0456\u044f \u0420\u0438\u043c\u0441\u044c\u043a\u043e-\u041a\u0430\u0442\u043e\u043b\u0438\u0446\u044c\u043a\u043e\u0457 \u0426\u0435\u0440\u043a\u0432\u0438 \u0432 \u0423\u043a\u0440\u0430\u0457\u043di<\/a><\/span><\/h6>\n<\/li>\n<li>\n<h6><span style=\"color: #000000;\"><a style=\"color: #000000;\" href=\"http:\/\/ugcc.ua\/\" target=\"_blank\" rel=\"noopener noreferrer\">\u0423\u043a\u0440\u0430\u0457\u043d\u0441\u044c\u043a\u0430 \u0413\u0440\u0435\u043a\u043e-\u041a\u0430\u0442\u043e\u043b\u0438\u0446\u044c\u043a\u0430 \u0426\u0435\u0440\u043a\u0432\u0430 (kreikkalaiskatolinen)<\/a><\/span><\/h6>\n<\/li>\n<\/ul>\n<h5><strong>UNKARI:<\/strong><\/h5>\n<ul>\n<li>\n<h6><span style=\"color: #000000;\"><a style=\"color: #000000;\" href=\"http:\/\/uj.katolikus.hu\/\" target=\"_blank\" rel=\"noopener noreferrer\">Magyar Katolikus Egyh\u00e1z<\/a><\/span><\/h6>\n<\/li>\n<li>\n<h6><span style=\"color: #000000;\"><a style=\"color: #000000;\" href=\"http:\/\/hd.gorogkatolikus.hu\/\" target=\"_blank\" rel=\"noopener noreferrer\">Hajd\u00fadorogi F\u0151egyh\u00e1zmegye (kreikkalaiskatolinen)<\/a><\/span><\/h6>\n<\/li>\n<\/ul>\n<h5><strong>VALKO-VEN\u00c4J\u00c4:<\/strong><\/h5>\n<ul>\n<li>\n<h6><span style=\"color: #000000;\"><a style=\"color: #000000;\" href=\"http:\/\/catholic.by\/\" target=\"_blank\" rel=\"noopener noreferrer\">\u0420\u044b\u043c\u0430-\u041a\u0430\u0442\u0430\u043bi\u0446\u043ai \u041a\u0430\u0441\u0446\u0451\u043b \u045e \u0411\u0435\u043b\u0430\u0440\u0443\u0441i<\/a><\/span><\/h6>\n<\/li>\n<li>\n<h6><span style=\"color: #000000;\"><a style=\"color: #000000;\" href=\"http:\/\/carkva-gazeta.org\/\" target=\"_blank\" rel=\"noopener\">\u0426\u0430\u0440\u043a\u0432\u0430 (kreikkalaiskatolinen)<\/a><\/span><\/h6>\n<\/li>\n<\/ul>\n<h5><strong>VEN\u00c4J\u00c4:<\/strong><\/h5>\n<ul>\n<li>\n<h6><span style=\"color: #000000;\"><a style=\"color: #000000;\" href=\"http:\/\/catholic-russia.ru\/\" target=\"_blank\" rel=\"noopener noreferrer\">\u041a\u043e\u043d\u0444\u0435\u0440\u0435\u043d\u0446\u0438\u044f \u043a\u0430\u0442\u043e\u043b\u0438\u0447\u0435\u0441\u043a\u0438\u0445 \u0435\u043f\u0438\u0441\u043a\u043e\u043f\u043e\u0432 \u0420\u043e\u0441\u0441\u0438\u0438<\/a><\/span><\/h6>\n<\/li>\n<\/ul>\n<p>&nbsp;<\/p>\n<hr \/>\n<h4><span style=\"color: #ff0000;\"><strong>KIRKKO EUROOPAN ULKOPUOLELLA<\/strong><\/span><\/h4>\n<h6><span style=\"color: #ffffff;\">\u00b7<\/span><\/h6>\n<h5><strong>ARGENTIINA:<\/strong><\/h5>\n<ul>\n<li>\n<h6><span style=\"color: #000000;\"><a style=\"color: #000000;\" href=\"http:\/\/www.episcopado.org\/\" target=\"_blank\" rel=\"noopener noreferrer\">Conferencia Episcopal Argentina<\/a><\/span><\/h6>\n<\/li>\n<\/ul>\n<h5><strong>AUSTRALIA:<\/strong><\/h5>\n<ul>\n<li>\n<h6><span style=\"color: #000000;\"><a style=\"color: #000000;\" href=\"https:\/\/www.catholic.org.au\/\" target=\"_blank\" rel=\"noopener noreferrer\">Catholic Australia<\/a><\/span><\/h6>\n<\/li>\n<\/ul>\n<h5><strong>BRASILIA:<\/strong><\/h5>\n<ul>\n<li>\n<h6><span style=\"color: #000000;\"><a style=\"color: #000000;\" href=\"https:\/\/arqbrasilia.com.br\/\" target=\"_blank\" rel=\"noopener\">Arquidiocese de Bras\u00edlia<\/a><\/span><\/h6>\n<\/li>\n<\/ul>\n<h5><strong>CHILE:<\/strong><\/h5>\n<ul>\n<li>\n<h6><span style=\"color: #000000;\"><a style=\"color: #000000;\" href=\"http:\/\/www.iglesia.cl\/\" target=\"_blank\" rel=\"noopener noreferrer\">Conferencia Episcopal de Chile<\/a><\/span><\/h6>\n<\/li>\n<\/ul>\n<h5><strong>DOMINIKAANINEN TASAVALTA:<\/strong><\/h5>\n<ul>\n<li>\n<h6><span style=\"color: #000000;\"><a style=\"color: #000000;\" href=\"https:\/\/ced.org.do\/\" target=\"_blank\" rel=\"noopener noreferrer\">Conferencia del Episcopado Dominicano<\/a><\/span><\/h6>\n<\/li>\n<\/ul>\n<h5><strong>ETEL\u00c4-AFRIKAN TASAVALTA:<\/strong><\/h5>\n<ul>\n<li>\n<h6><span style=\"color: #000000;\"><a style=\"color: #000000;\" href=\"http:\/\/www.sacbc.org.za\/\" target=\"_blank\" rel=\"noopener noreferrer\">SACBC<\/a><\/span><\/h6>\n<\/li>\n<\/ul>\n<h5><strong>ETEL\u00c4-KOREA:<\/strong><\/h5>\n<ul>\n<li>\n<h6><span style=\"color: #000000;\"><a style=\"color: #000000;\" href=\"http:\/\/english.cbck.or.kr\/\" target=\"_blank\" rel=\"noopener noreferrer\">Catholic Bishops&#8217; Conference of Korea<\/a><\/span><\/h6>\n<\/li>\n<\/ul>\n<h5><strong>FILIPPIINIT:<\/strong><\/h5>\n<ul>\n<li>\n<h6><span style=\"color: #000000;\"><a style=\"color: #000000;\" href=\"https:\/\/cbcpnews.net\/\" target=\"_blank\" rel=\"noopener\">CBCPNews<\/a><\/span><\/h6>\n<\/li>\n<\/ul>\n<h5><strong>HONG KONG:<\/strong><\/h5>\n<ul>\n<li>\n<h6><span style=\"color: #000000;\"><a style=\"color: #000000;\" href=\"http:\/\/catholic.org.hk\/en\/\" target=\"_blank\" rel=\"noopener noreferrer\">Catholic Diocese of Hong Kong<\/a><\/span><\/h6>\n<\/li>\n<\/ul>\n<h5><strong>INDONESIA:<\/strong><\/h5>\n<ul>\n<li>\n<h6><span style=\"color: #000000;\"><a style=\"color: #000000;\" href=\"http:\/\/www.kawali.org\/\" target=\"_blank\" rel=\"noopener noreferrer\">Kantor Waligereja Indonesia<\/a><\/span><\/h6>\n<\/li>\n<\/ul>\n<h5><strong>INTIA:<\/strong><\/h5>\n<ul>\n<li>\n<h6><span style=\"color: #000000;\"><a style=\"color: #000000;\" href=\"http:\/\/cbci.in\/\" target=\"_blank\" rel=\"noopener noreferrer\">Catholic Bishops&#8217; Conference of India<\/a><\/span><\/h6>\n<\/li>\n<\/ul>\n<h5><strong>ISRAEL:<\/strong><\/h5>\n<ul>\n<li>\n<h6><span style=\"color: #000000;\"><a style=\"color: #000000;\" href=\"http:\/\/catholic.co.il\/index.php?lang=en\" target=\"_blank\" rel=\"noopener noreferrer\">Saint James Vicariate<\/a><\/span><\/h6>\n<\/li>\n<\/ul>\n<h5><strong>JAMAIKA:<\/strong><\/h5>\n<ul>\n<li>\n<h6><span style=\"color: #000000;\"><a style=\"color: #000000;\" href=\"https:\/\/www.kingstonarchdiocese.org\/\" target=\"_blank\" rel=\"noopener\">Roman Catholic Archdiocese of Kingston<\/a><\/span><\/h6>\n<\/li>\n<\/ul>\n<h5><strong>JAPANI:<\/strong><\/h5>\n<ul>\n<li>\n<h6><span style=\"color: #000000;\"><a style=\"color: #000000;\" href=\"http:\/\/www.cbcj.catholic.jp\/\" target=\"_blank\" rel=\"noopener noreferrer\">Catholic Bishops&#8217; Conference of Japan<\/a><\/span><\/h6>\n<\/li>\n<\/ul>\n<h5><strong>KAMERUN:<\/strong><\/h5>\n<ul>\n<li>\n<h6><span style=\"color: #000000;\"><a style=\"color: #000000;\" href=\"http:\/\/cenc.cm\/\" target=\"_blank\" rel=\"noopener noreferrer\">Conf\u00e9rence \u00c9piscopale Nationale du Cameroun<\/a><\/span><\/h6>\n<\/li>\n<\/ul>\n<h5><strong>KANADA:<\/strong><\/h5>\n<ul>\n<li>\n<h6><span style=\"color: #000000;\"><a style=\"color: #000000;\" href=\"http:\/\/www.cccb.ca\/\" target=\"_blank\" rel=\"noopener noreferrer\">Canadian Conference of Catholic Bishops<\/a><\/span><\/h6>\n<\/li>\n<\/ul>\n<h5><strong>KUUBA:<\/strong><\/h5>\n<ul>\n<li>\n<h6><span style=\"color: #000000;\"><a style=\"color: #000000;\" href=\"https:\/\/www.iglesiacubana.org\/cocc\/index.php\" target=\"_blank\" rel=\"noopener noreferrer\">Conferencia de Obispos Cat\u00f3licos de Cuba<\/a><\/span><\/h6>\n<\/li>\n<\/ul>\n<h5><strong>MEKSIKO:<\/strong><\/h5>\n<ul>\n<li>\n<h6><span style=\"color: #000000;\"><a style=\"color: #000000;\" href=\"http:\/\/www.cem.org.mx\/\" target=\"_blank\" rel=\"noopener noreferrer\">Conferencia del Episcopado Mexicano<\/a><\/span><\/h6>\n<\/li>\n<\/ul>\n<h5><strong>NIGERIA:<\/strong><\/h5>\n<ul>\n<li>\n<h6><span style=\"color: #000000;\"><a style=\"color: #000000;\" href=\"https:\/\/lagosarchdiocese.org\/\" target=\"_blank\" rel=\"noopener\">Catholic Archdiocese of Lagos<\/a><\/span><\/h6>\n<\/li>\n<\/ul>\n<h5><strong>SINGAPORE:<\/strong><\/h5>\n<ul>\n<li>\n<h6><span style=\"color: #000000;\"><a style=\"color: #000000;\" href=\"https:\/\/www.catholic.sg\/\" target=\"_blank\" rel=\"noopener noreferrer\">Roman Catholic Archdiocese of Singapore<\/a><\/span><\/h6>\n<\/li>\n<\/ul>\n<h5><strong>THAIMAA:<\/strong><\/h5>\n<ul>\n<li>\n<h6><span style=\"color: #000000;\"><a style=\"color: #000000;\" href=\"https:\/\/www.cbct.or.th\/\" target=\"_blank\" rel=\"noopener\">Catholic Bishops&#8217; Conference of Thailand<\/a><\/span><\/h6>\n<\/li>\n<\/ul>\n<h5><strong>TURKKI:<\/strong><\/h5>\n<ul>\n<li>\n<h6><span style=\"color: #000000;\"><a style=\"color: #000000;\" href=\"https:\/\/www.katolik-kilisesi.org\/\" target=\"_blank\" rel=\"noopener\">T\u00fcrkiye Katolik Ruhani Reisler Kurulu<\/a><\/span><\/h6>\n<\/li>\n<\/ul>\n<h5><strong>UUSI-SEELANTI:<\/strong><\/h5>\n<ul>\n<li>\n<h6><span style=\"color: #000000;\"><a style=\"color: #000000;\" href=\"https:\/\/www.catholic.org.nz\/\" target=\"_blank\" rel=\"noopener noreferrer\">New Zealand Catholic Bishops Conference<\/a><\/span><\/h6>\n<\/li>\n<\/ul>\n<h5><strong>VIETNAM:<\/strong><\/h5>\n<ul>\n<li>\n<h6><span style=\"color: #000000;\"><a style=\"color: #000000;\" href=\"https:\/\/www.tonggiaophanhanoi.org\/?fbclid=IwAR1M1DFvA1cXGj7VbBow2qvDkifPwodbOz6AagD34UsYWchpNKSHAHcYKL4\" target=\"_blank\" rel=\"noopener\">TGP H\u00e0 N\u1ed9i<\/a><\/span><\/h6>\n<\/li>\n<li>\n<h6><span style=\"color: #000000;\"><a style=\"color: #000000;\" href=\"https:\/\/tonggiaophanhue.net\/?fbclid=IwAR3AuWCW4SaBOwGtTy_2Z96vZe1fII9wgcnCJeqZ7Rd60UmFSjMNvnRMpa8\" target=\"_blank\" rel=\"noopener\">TGP Hu\u1ebf<\/a><\/span><\/h6>\n<\/li>\n<li>\n<h6><span style=\"color: #000000;\"><a style=\"color: #000000;\" href=\"https:\/\/tgpsaigon.net\/\" target=\"_blank\" rel=\"noopener\">TGP S\u00e0i G\u00f2n<\/a><\/span><\/h6>\n<\/li>\n<\/ul>\n<h5><strong>YHDYSVALLAT:<\/strong><\/h5>\n<ul>\n<li>\n<h6><span style=\"color: #000000;\"><a style=\"color: #000000;\" href=\"http:\/\/www.usccb.org\/\" target=\"_blank\" rel=\"noopener noreferrer\">United States Catholic Conference of Bishops<\/a><\/span><\/h6>\n<\/li>\n<\/ul>\n<p>&nbsp;<\/p>\n<hr \/>\n<p>&nbsp;<\/p>\n<ul>\n<li>\n<h6><span style=\"color: #000000;\"><a style=\"color: #000000;\" href=\"https:\/\/www.wordproject.org\/bibles\/\" target=\"_blank\" rel=\"noopener noreferrer\"><strong>Raamattu eri kielill\u00e4<\/strong><\/a><\/span><\/h6>\n<\/li>\n<li>\n<h6><span style=\"color: #000000;\"><a style=\"color: #000000;\" href=\"https:\/\/www.catholicculture.org\/\" target=\"_blank\" rel=\"noopener noreferrer\">Catholic Culture<\/a><\/span><\/h6>\n<\/li>\n<li>\n<h6><span style=\"color: #000000;\"><a style=\"color: #000000;\" href=\"http:\/\/www.catholic-hierarchy.org\/\" target=\"_blank\" rel=\"noopener noreferrer\">Hierarchy of the Catholic Church<\/a><\/span><\/h6>\n<\/li>\n<\/ul>\n<p style=\"text-align: center;\">\u2500\u2500<\/p>\n<ul>\n<li>\n<h6><span style=\"color: #000000;\"><a style=\"color: #000000;\" href=\"https:\/\/www.sacredspace.ie\/\" target=\"_blank\" rel=\"noopener noreferrer\">Pyh\u00e4 tila &#8211; p\u00e4ivitt\u00e4inen rukous verkossa<\/a><\/span><\/h6>\n<\/li>\n<\/ul>\n<p>&nbsp;<\/p>\n<hr \/>\n<h4><span style=\"color: #ff0000;\"><strong>S\u00c4\u00c4NT\u00d6KUNTIA<\/strong><\/span><\/h4>\n<ul>\n<li>\n<h6><span style=\"color: #000000;\"><a style=\"color: #000000;\" href=\"http:\/\/www.augustinians.net\/\" target=\"_blank\" rel=\"noopener noreferrer\">Augustinolaiset (OSA)<\/a><\/span><\/h6>\n<\/li>\n<li>\n<h6><span style=\"color: #000000;\"><a style=\"color: #000000;\" href=\"http:\/\/www.osb.org\/\" target=\"_blank\" rel=\"noopener noreferrer\">Benediktiinit (OSB)<\/a><\/span><\/h6>\n<\/li>\n<li>\n<h6><span style=\"color: #000000;\"><a style=\"color: #000000;\" href=\"https:\/\/www.brigidine.org\/?lang=en\" target=\"_blank\" rel=\"noopener noreferrer\">Birgittalaissisaret (OSSS)<\/a><\/span><\/h6>\n<\/li>\n<li>\n<h6><span style=\"color: #000000;\"><a style=\"color: #000000;\" href=\"https:\/\/www.dehoniani.org\/\" target=\"_blank\" rel=\"noopener\">Dehoniaanit (SCJ)<\/a><\/span><\/h6>\n<\/li>\n<li>\n<h6><span style=\"color: #000000;\"><a style=\"color: #000000;\" href=\"https:\/\/op.org\/\" target=\"_blank\" rel=\"noopener noreferrer\">Dominikaanit (OP)<\/a><\/span><\/h6>\n<\/li>\n<li>\n<h6><span style=\"color: #000000;\"><a style=\"color: #000000;\" href=\"https:\/\/ofm.org\/en\/home.html\" target=\"_blank\" rel=\"noopener noreferrer\">Fransiskaanit (OFM)<\/a><\/span><\/h6>\n<\/li>\n<li>\n<h6><span style=\"color: #000000;\"><a style=\"color: #000000;\" href=\"http:\/\/www.jesuits.org\" target=\"_blank\" rel=\"noopener noreferrer\">Jesuiitat (SJ)<\/a><\/span><\/h6>\n<\/li>\n<li>\n<h6><span style=\"color: #000000;\"><a style=\"color: #000000;\" href=\"https:\/\/www.ofmcap.org\/en\/\" target=\"_blank\" rel=\"noopener noreferrer\">Kapusiinit (OFMCap)<\/a><\/span><\/h6>\n<\/li>\n<li>\n<h6><span style=\"color: #000000;\"><a style=\"color: #000000;\" href=\"http:\/\/ocarm.org\/en\/\" target=\"_blank\" rel=\"noopener noreferrer\">Karmeliitat (OCD)<\/a><\/span><\/h6>\n<\/li>\n<li>\n<h6><span style=\"color: #000000;\"><a style=\"color: #000000;\" href=\"http:\/\/www.chartreux.org\/\" target=\"_blank\" rel=\"noopener noreferrer\">Kartusiaanit (OCart)<\/a><\/span><\/h6>\n<\/li>\n<li>\n<h6><span style=\"color: #000000;\"><a style=\"color: #000000;\" href=\"http:\/\/www.passiochristi.org\/\" target=\"_blank\" rel=\"noopener noreferrer\">Passionistit (CP)<\/a><\/span><\/h6>\n<\/li>\n<li>\n<h6><span style=\"color: #000000;\"><a style=\"color: #000000;\" href=\"https:\/\/rcj.org\/en\" target=\"_blank\" rel=\"noopener noreferrer\">Rogationistit (RCJ)<\/a><\/span><\/h6>\n<\/li>\n<li>\n<h6><span style=\"color: #000000;\"><a style=\"color: #000000;\" href=\"https:\/\/www.ocist.org\/ocist\/index.php\/en\/\" target=\"_blank\" rel=\"noopener\">Sistersil\u00e4iset (OCist)<\/a><\/span><\/h6>\n<\/li>\n<li>\n<h6><span style=\"color: #000000;\"><a style=\"color: #000000;\" href=\"http:\/\/www.ocso.org\/\" target=\"_blank\" rel=\"noopener noreferrer\">Trappistit (OCSO)<\/a><\/span><\/h6>\n<\/li>\n<li>\n<h6><span style=\"color: #000000;\"><a style=\"color: #000000;\" href=\"https:\/\/trinitarians.org\/\" target=\"_blank\" rel=\"noopener\">Trinitaarit (OSST)<\/a><\/span><\/h6>\n<\/li>\n<li>\n<h6><span style=\"color: #000000;\"><a style=\"color: #000000;\" href=\"https:\/\/www.ursulines-ur.org\/\" target=\"_blank\" rel=\"noopener noreferrer\">Ursuliinit (OSU)<\/a><\/span><\/h6>\n<\/li>\n<\/ul>\n<p style=\"text-align: center;\">\u2500\u2500<\/p>\n<ul>\n<li>\n<h6><span style=\"color: #000000;\"><a style=\"color: #000000;\" href=\"http:\/\/www.catholic-hierarchy.org\/country\/xrel.html\" target=\"_blank\" rel=\"noopener noreferrer\">S\u00e4\u00e4nt\u00f6kunnat<\/a><\/span><\/h6>\n<\/li>\n<\/ul>\n<p>&nbsp;<\/p>\n<hr \/>\n<h4><span style=\"color: #ff0000;\"><strong>UUTISIA<\/strong><\/span><\/h4>\n<ul>\n<li>\n<h6><span style=\"color: #000000;\"><a style=\"color: #000000;\" href=\"http:\/\/www.fides.org\/en\" target=\"_blank\" rel=\"noopener noreferrer\">Agenzia Fides<\/a><\/span><\/h6>\n<\/li>\n<li>\n<h6><span style=\"color: #000000;\"><a style=\"color: #000000;\" href=\"http:\/\/www.catholicherald.co.uk\/\" target=\"_blank\" rel=\"noopener noreferrer\">Catholic Herald<\/a><\/span><\/h6>\n<\/li>\n<li>\n<h6><span style=\"color: #000000;\"><a style=\"color: #000000;\" href=\"http:\/\/www.catholicnewsagency.com\/\" target=\"_blank\" rel=\"noopener noreferrer\">Catholic News Agency<\/a><\/span><\/h6>\n<\/li>\n<li>\n<h6><span style=\"color: #000000;\"><a style=\"color: #000000;\" href=\"http:\/\/catholicnews.com\/\" target=\"_blank\" rel=\"noopener noreferrer\">Catholic News Service<\/a><\/span><\/h6>\n<\/li>\n<li>\n<h6><span style=\"color: #000000;\"><a style=\"color: #000000;\" href=\"http:\/\/www.cnewa.org\/home.aspx?ID=26&amp;pagetypeID=12&amp;sitecode=HQ\" target=\"_blank\" rel=\"noopener noreferrer\">CNEWA<\/a><\/span><\/h6>\n<\/li>\n<li>\n<h6><span style=\"color: #000000;\"><a style=\"color: #000000;\" href=\"http:\/\/www.gcatholic.org\/\" target=\"_blank\" rel=\"noopener noreferrer\">GCatholic.org<\/a><\/span><\/h6>\n<\/li>\n<li>\n<h6><span style=\"color: #000000;\"><a style=\"color: #000000;\" href=\"http:\/\/news.ugcc.ua\/en\/\" target=\"_blank\" rel=\"noopener noreferrer\">Information Resource of UGCC (kreikkalaiskatolinen)<\/a><\/span><\/h6>\n<\/li>\n<li>\n<h6><span style=\"color: #000000;\"><a style=\"color: #000000;\" href=\"https:\/\/kath.net\/\" target=\"_blank\" rel=\"noopener\">Katholische Nachrichten kath.net<\/a><\/span><\/h6>\n<\/li>\n<li>\n<h6><span style=\"color: #000000;\"><a style=\"color: #000000;\" href=\"http:\/\/www.osservatoreromano.va\/en\" target=\"_blank\" rel=\"noopener noreferrer\">L&#8217;Osservatore Romano<\/a><\/span><\/h6>\n<\/li>\n<li>\n<h6><span style=\"color: #000000;\"><a style=\"color: #000000;\" href=\"https:\/\/zenit.org\/\" target=\"_blank\" rel=\"noopener noreferrer\">Zenit<\/a><\/span><\/h6>\n<\/li>\n<\/ul>\n<p>&nbsp;<\/p>\n<hr \/>\n<h5>\u25ba\u00a0\u00a0<span style=\"color: #000000;\"><a style=\"color: #000000;\" href=\"https:\/\/www.catholicturku.fi\/?lang=fi\"><strong>P\u00c4\u00c4VALIKKO<\/strong><\/a><\/span><br \/>\n\u25ba\u00a0 <span style=\"color: #000000;\"><a style=\"color: #000000;\" href=\"https:\/\/www.catholicturku.fi\/?page_id=253&amp;lang=fi\"><strong>ETUSIVU<\/strong><\/a><\/span><\/h5>\n<hr \/>\n<h6 style=\"text-align: center;\"><strong>Webmaster<\/strong><\/h6>\n<h6 style=\"text-align: center;\"><span style=\"color: #000000;\"><a style=\"color: #000000;\" href=\"mailto:webmaster@romanos.fi\">webmaster (at) romanos.fi<\/a><\/span><\/h6>\n","protected":false},"excerpt":{"rendered":"<p>&nbsp; &nbsp; SEURAKUNNAN NIMIKKOPYH\u00c4T Pyh\u00e4 Birgitta \u0410utuas Hemming &nbsp; VATIKAANI Pyh\u00e4 istuin Vatican Internet Sites Vatican News \u00b7 Radio Vaticana &nbsp; KIRKKO SUOMESSA Katolinen kirkko Suomessa Hiippakuntalehti FIDES Katolinen kirjakauppa Helsingiss\u00e4 Katolisen kirkon katekismus suomeksi Katolisen kirkon opetusviran asiakirjoja suomeksi Opetusosasto \u2500\u2500 SEURAKUNNAT \u25ba\u00a0 Kartta \u00b7 HELSINKI: Pyh\u00e4n Henrikin katedraaliseurakunta Pyh\u00e4n Marian seurakunta JYV\u00c4SKYL\u00c4: Pyh\u00e4n [&hellip;]<\/p>\n","protected":false},"author":1,"featured_media":0,"parent":0,"menu_order":12,"comment_status":"closed","ping_status":"closed","template":"","meta":{"footnotes":""},"class_list":["post-681","page","type-page","status-publish","hentry"],"_links":{"self":[{"href":"https:\/\/www.catholicturku.fi\/index.php?rest_route=\/wp\/v2\/pages\/681","targetHints":{"allow":["GET"]}}],"collection":[{"href":"https:\/\/www.catholicturku.fi\/index.php?rest_route=\/wp\/v2\/pages"}],"about":[{"href":"https:\/\/www.catholicturku.fi\/index.php?rest_route=\/wp\/v2\/types\/page"}],"author":[{"embeddable":true,"href":"https:\/\/www.catholicturku.fi\/index.php?rest_route=\/wp\/v2\/users\/1"}],"replies":[{"embeddable":true,"href":"https:\/\/www.catholicturku.fi\/index.php?rest_route=%2Fwp%2Fv2%2Fcomments&post=681"}],"version-history":[{"count":212,"href":"https:\/\/www.catholicturku.fi\/index.php?rest_route=\/wp\/v2\/pages\/681\/revisions"}],"predecessor-version":[{"id":66179,"href":"https:\/\/www.catholicturku.fi\/index.php?rest_route=\/wp\/v2\/pages\/681\/revisions\/66179"}],"wp:attachment":[{"href":"https:\/\/www.catholicturku.fi\/index.php?rest_route=%2Fwp%2Fv2%2Fmedia&parent=681"}],"curies":[{"name":"wp","href":"https:\/\/api.w.org\/{rel}","templated":true}]}}