{"id":1523,"date":"2019-05-15T09:47:36","date_gmt":"2019-05-15T06:47:36","guid":{"rendered":"http:\/\/www.catholicturku.fi\/?page_id=1523"},"modified":"2024-11-20T15:46:44","modified_gmt":"2024-11-20T13:46:44","slug":"linh-muc","status":"publish","type":"page","link":"https:\/\/www.catholicturku.fi\/?page_id=1523&lang=vi","title":{"rendered":"<b>H\u00f4\u0323i \u0111\u00f4\u0300ng linh mu\u0323c<\/b>"},"content":{"rendered":"<hr \/>\n<p>&nbsp;<\/p>\n<p><img loading=\"lazy\" decoding=\"async\" class=\" wp-image-46436 aligncenter\" src=\"https:\/\/www.catholicturku.fi\/wp-content\/uploads\/SCJ-300x214.jpeg\" alt=\"\" width=\"534\" height=\"381\" srcset=\"https:\/\/www.catholicturku.fi\/wp-content\/uploads\/SCJ-300x214.jpeg 300w, https:\/\/www.catholicturku.fi\/wp-content\/uploads\/SCJ-1024x729.jpeg 1024w, https:\/\/www.catholicturku.fi\/wp-content\/uploads\/SCJ-150x107.jpeg 150w, https:\/\/www.catholicturku.fi\/wp-content\/uploads\/SCJ-768x547.jpeg 768w, https:\/\/www.catholicturku.fi\/wp-content\/uploads\/SCJ-1536x1094.jpeg 1536w, https:\/\/www.catholicturku.fi\/wp-content\/uploads\/SCJ-2048x1459.jpeg 2048w\" sizes=\"auto, (max-width: 534px) 100vw, 534px\" \/><\/p>\n<p>&nbsp;<\/p>\n<hr \/>\n<h4><span style=\"color: #ff0000;\"><b>CHA\u00a0<\/b><b>X\u1ee8<\/b><\/span><\/h4>\n<h6><img loading=\"lazy\" decoding=\"async\" class=\"size-full wp-image-622 alignleft\" src=\"http:\/\/www.catholicturku.fi\/wp-content\/uploads\/father-peter.jpg.1322834756577.jpg\" alt=\"\" width=\"158\" height=\"174\" data-wp-pid=\"622\" srcset=\"https:\/\/www.catholicturku.fi\/wp-content\/uploads\/father-peter.jpg.1322834756577.jpg 158w, https:\/\/www.catholicturku.fi\/wp-content\/uploads\/father-peter.jpg.1322834756577-136x150.jpg 136w\" sizes=\"auto, (max-width: 158px) 100vw, 158px\" \/>Linh m\u1ee5c gi\u00e1o x\u1ee9 ch\u00fang ta, Cha <strong>Peter G\u0119bara (SCJ)<\/strong>, sinh ng\u00e0y 10 th\u00e1ng 5 n\u0103m 1958 t\u1ea1i Chorz\u00f3w, t\u1ecda l\u1ea1c t\u1ea1i Silesia, t\u00e2y nam Ba Lan. \u00d4ng l\u00e0 con th\u1ee9 s\u00e1u c\u1ee7a m\u1ed9t gia \u0111\u00ecnh m\u01b0\u1eddi ng\u01b0\u1eddi con. Cha Peter \u0111\u00e3 ho\u00e0n th\u00e0nh ti\u1ec3u h\u1ecdc v\u00e0 trung h\u1ecdc \u1edf qu\u00ea nh\u00e0, v\u00e0 sau \u0111\u00f3 \u00f4ng b\u1eaft \u0111\u1ea7u theo con \u0111\u01b0\u1eddng tu s\u1ef9 t\u1ea1i m\u1ed9t t\u1eadp vi\u1ec7n \u1edf D\u00f2ng Linh M\u1ee5c Th\u00e1nh T\u00e2m Ch\u00faa Gi\u00easu Kit\u00f4 (SCJ) \u1edf Pliszczyn g\u1ea7n Lublin.\u00a0\u00d4ng ti\u1ebfp t\u1ee5c h\u1ecdc v\u1ec1 tri\u1ebft h\u1ecdc v\u00e0 th\u1ea7n h\u1ecdc t\u1ea1i Stadnik g\u1ea7n Krakow. \u00d4ng t\u1ed1t nghi\u1ec7p Th\u1ea1c s\u1ef9.\u00a0\u00d4ng \u0111\u01b0\u1ee3c th\u1ee5 phong linh m\u1ee5c v\u00e0o th\u00e1ng 6 n\u0103m 1986. H\u1ed9i d\u00f2ng \u0111\u1ea7u ti\u00ean c\u1ee7a \u00f4ng l\u00e0 gi\u00e1o x\u1ee9 W\u0119gl\u00f3wka \u1edf v\u00f9ng n\u00fai Ba Lan. T\u1eeb \u0111\u00f3, \u00f4ng chuy\u1ec3n \u0111\u1ebfn nh\u00e0 th\u1edd Chmiel\u00f3w \u1edf mi\u1ec1n trung Ba Lan. L\u00e0 m\u1ed9t linh m\u1ee5c tre\u0309, \u00f4ng \u0111\u00e3 ch\u1ee7 y\u1ebfu l\u00e0m vi\u1ec7c v\u1edbi tr\u1ebb em v\u00e0 thanh thi\u1ebfu ni\u00ean.<br \/>\n<span style=\"color: #ffffff;\">\u00b7<\/span><br \/>\nCha Peter \u0111\u1ebfn Ph\u1ea7n Lan v\u00e0o ng\u00e0y 21 th\u00e1ng 7 n\u0103m 1991 v\u00e0 b\u1eaft \u0111\u1ea7u l\u00e0m tr\u1ee3 l\u00fd cho H\u1ed9i Th\u00e1nh Th\u00e1nh Gi\u00e1 \u1edf Tampere. T\u1ea1i Tampere, \u00f4ng c\u0169ng b\u1eaft \u0111\u1ea7u h\u1ecdc ti\u1ebfng Ph\u1ea7n Lan v\u00e0 l\u00e0m quen v\u1edbi v\u0103n ho\u00e1 v\u00e0 cu\u1ed9c s\u1ed1ng c\u1ee7a Ph\u1ea7n Lan. Cha Peter nhanh ch\u00f3ng \u0111\u01b0\u1ee3c b\u1ea7u l\u00e0m cha ph\u00f3 t\u1ebf v\u00e0 sau \u0111\u00f3 l\u00e0m cha ch\u00e1nh x\u1ee9 \u1edf m\u1ed9t c\u1ed9ng \u0111o\u00e0n l\u1edbn \u1edf Tampere. V\u00e0o ng\u00e0y 1 th\u00e1ng 1 n\u0103m 2003, \u00f4ng \u0111\u01b0\u1ee3c b\u1ed5 nhi\u1ec7m l\u00e0m gi\u00e1o x\u1ee9 Th\u00e1nh Birgitta v\u00e0 \u0110\u1ee9c B\u00e0 Hemming c\u1ee7a Turku. Cha Peter \u0111\u1ebfn nay v\u1eabn ti\u1ebfp t\u1ee5c c\u00f4ng vi\u1ec7c ph\u1ee5ng vu\u0323, n\u0103ng \u0111\u1ed9ng v\u00e0 h\u00e2n hoan.<br \/>\n<span style=\"color: #ffffff;\">\u00b7<\/span><br \/>\n\u260f 0400 458128<br \/>\n\u260f +358 400 458128<br \/>\n\u2709\u00a0<span style=\"color: #000000;\"><strong><a style=\"color: #000000;\" href=\"mailto:peter.gebara@katolinen.fi\" target=\"_blank\" rel=\"noopener noreferrer\">peter.gebara (at) katolinen.fi<\/a><\/strong><\/span><\/h6>\n<p>&nbsp;<\/p>\n<hr \/>\n<h4><span style=\"color: #ff0000;\"><b>TUY\u00caN \u00daY<\/b><\/span><\/h4>\n<h6><img loading=\"lazy\" decoding=\"async\" class=\" wp-image-9300 alignright\" src=\"http:\/\/www.catholicturku.fi\/wp-content\/uploads\/stanzawilowicz15-300x300.jpg\" alt=\"\" width=\"156\" height=\"156\" data-wp-pid=\"9300\" srcset=\"https:\/\/www.catholicturku.fi\/wp-content\/uploads\/stanzawilowicz15-300x300.jpg 300w, https:\/\/www.catholicturku.fi\/wp-content\/uploads\/stanzawilowicz15-1024x1024.jpg 1024w, https:\/\/www.catholicturku.fi\/wp-content\/uploads\/stanzawilowicz15-150x150.jpg 150w, https:\/\/www.catholicturku.fi\/wp-content\/uploads\/stanzawilowicz15-768x768.jpg 768w, https:\/\/www.catholicturku.fi\/wp-content\/uploads\/stanzawilowicz15-800x800.jpg 800w, https:\/\/www.catholicturku.fi\/wp-content\/uploads\/stanzawilowicz15-1200x1200-cropped.jpg 1200w, https:\/\/www.catholicturku.fi\/wp-content\/uploads\/stanzawilowicz15.jpg 1363w\" sizes=\"auto, (max-width: 156px) 100vw, 156px\" \/>Cha <strong>Stanis\u0142aw Zawi\u0142owicz (SCJ)<\/strong> sinh ng\u00e0y 15.4.1984 \u1edf Krynica-Gorska, \u1edf mi\u00ea\u0300n nam Ba Lan, v\u00e0 \u0111\u00e3 ch\u1ecbu ch\u1ee9c linh m\u1ee5c ng\u00e0y 23.5.2010 \u1edf Stadniki g\u1ea7n Krak\u00f3w. Cha Stanislaw \u0111\u1ebfn Ph\u1ea7n Lan ng\u00e0y 28.8.2012.<br \/>\n<span style=\"color: #ffffff;\">\u00b7<\/span><br \/>\n\u260f 045 8407191<br \/>\n\u260f +358 45 8407191<br \/>\n\u2709\u00a0<span style=\"color: #000000;\"><strong><a style=\"color: #000000;\" href=\"mailto:stanislaw.zawilowicz@katolinen.fi\" target=\"_blank\" rel=\"noopener noreferrer\">stanislaw.zawilowicz (at) katolinen.fi<\/a><\/strong><\/span><\/h6>\n<p>&nbsp;<\/p>\n<hr \/>\n<h5>\u25ba\u00a0 <span style=\"color: #000000;\"><a style=\"color: #000000;\" href=\"https:\/\/www.catholicturku.fi\/?lang=vi\"><strong>M\u1ee4C L\u1ee4C CH\u00cdNH<\/strong><\/a><\/span><br \/>\n\u25ba\u00a0 <span style=\"color: #000000;\"><a style=\"color: #000000;\" href=\"https:\/\/www.catholicturku.fi\/?page_id=1092&amp;lang=vi\"><strong>TRANG \u0110\u1ea6U<\/strong><\/a><\/span><\/h5>\n<hr \/>\n<h6 style=\"text-align: center;\"><strong>Qu\u1ea3n tr\u1ecb m\u1ea1ng<\/strong><\/h6>\n<h6 style=\"text-align: center;\"><span style=\"color: #000000;\"><a style=\"color: #000000;\" href=\"mailto:webmaster@romanos.fi\">webmaster (at) romanos.fi<\/a><\/span><\/h6>\n","protected":false},"excerpt":{"rendered":"<p>&nbsp; &nbsp; CHA\u00a0X\u1ee8 Linh m\u1ee5c gi\u00e1o x\u1ee9 ch\u00fang ta, Cha Peter G\u0119bara (SCJ), sinh ng\u00e0y 10 th\u00e1ng 5 n\u0103m 1958 t\u1ea1i Chorz\u00f3w, t\u1ecda l\u1ea1c t\u1ea1i Silesia, t\u00e2y nam Ba Lan. \u00d4ng l\u00e0 con th\u1ee9 s\u00e1u c\u1ee7a m\u1ed9t gia \u0111\u00ecnh m\u01b0\u1eddi ng\u01b0\u1eddi con. Cha Peter \u0111\u00e3 ho\u00e0n th\u00e0nh ti\u1ec3u h\u1ecdc v\u00e0 trung h\u1ecdc \u1edf qu\u00ea nh\u00e0, [&hellip;]<\/p>\n","protected":false},"author":1,"featured_media":0,"parent":0,"menu_order":254,"comment_status":"closed","ping_status":"closed","template":"","meta":{"footnotes":""},"class_list":["post-1523","page","type-page","status-publish","hentry"],"_links":{"self":[{"href":"https:\/\/www.catholicturku.fi\/index.php?rest_route=\/wp\/v2\/pages\/1523","targetHints":{"allow":["GET"]}}],"collection":[{"href":"https:\/\/www.catholicturku.fi\/index.php?rest_route=\/wp\/v2\/pages"}],"about":[{"href":"https:\/\/www.catholicturku.fi\/index.php?rest_route=\/wp\/v2\/types\/page"}],"author":[{"embeddable":true,"href":"https:\/\/www.catholicturku.fi\/index.php?rest_route=\/wp\/v2\/users\/1"}],"replies":[{"embeddable":true,"href":"https:\/\/www.catholicturku.fi\/index.php?rest_route=%2Fwp%2Fv2%2Fcomments&post=1523"}],"version-history":[{"count":37,"href":"https:\/\/www.catholicturku.fi\/index.php?rest_route=\/wp\/v2\/pages\/1523\/revisions"}],"predecessor-version":[{"id":62872,"href":"https:\/\/www.catholicturku.fi\/index.php?rest_route=\/wp\/v2\/pages\/1523\/revisions\/62872"}],"wp:attachment":[{"href":"https:\/\/www.catholicturku.fi\/index.php?rest_route=%2Fwp%2Fv2%2Fmedia&parent=1523"}],"curies":[{"name":"wp","href":"https:\/\/api.w.org\/{rel}","templated":true}]}}